{"id":415,"date":"2024-02-27T18:32:22","date_gmt":"2024-02-27T18:32:22","guid":{"rendered":"https:\/\/podologobenidorm.com\/?page_id=415"},"modified":"2025-04-15T07:30:03","modified_gmt":"2025-04-15T07:30:03","slug":"nosotros","status":"publish","type":"page","link":"https:\/\/podologobenidorm.com\/index.php\/nosotros\/","title":{"rendered":"Nosotros"},"content":{"rendered":"<p>[et_pb_section fb_built=\u00bb1&#8243; custom_padding_last_edited=\u00bbon|phone\u00bb admin_label=\u00bbHeader\u00bb module_id=\u00bbclinica\u00bb _builder_version=\u00bb4.21.0&#8243; _module_preset=\u00bbdefault\u00bb background_color=\u00bb#B7DBD0&#8243; background_image=\u00bbhttps:\/\/podologobenidorm.com\/wp-content\/uploads\/2023\/03\/fondos6-1.png\u00bb parallax=\u00bbon\u00bb custom_padding=\u00bb110px||110px||true|false\u00bb custom_padding_tablet=\u00bb110px||110px||true|false\u00bb custom_padding_phone=\u00bb50px||50px||true|false\u00bb da_popup_slug=\u00bbclinica\u00bb da_disable_devices=\u00bboff|off|off\u00bb global_colors_info=\u00bb{}\u00bb da_is_popup=\u00bboff\u00bb da_exit_intent=\u00bboff\u00bb da_has_close=\u00bbon\u00bb da_alt_close=\u00bboff\u00bb da_dark_close=\u00bboff\u00bb da_not_modal=\u00bbon\u00bb da_is_singular=\u00bboff\u00bb da_with_loader=\u00bboff\u00bb da_has_shadow=\u00bbon\u00bb][et_pb_row column_structure=\u00bb1_2,1_2&#8243; _builder_version=\u00bb4.21.0&#8243; _module_preset=\u00bbdefault\u00bb global_colors_info=\u00bb{}\u00bb][et_pb_column type=\u00bb1_2&#8243; _builder_version=\u00bb4.21.0&#8243; _module_preset=\u00bbdefault\u00bb global_colors_info=\u00bb{}\u00bb][et_pb_image src=\u00bbhttps:\/\/podologobenidorm.com\/wp-content\/uploads\/2025\/03\/WhatsApp-Image-2025-01-23-at-08.46.32.jpeg\u00bb title_text=\u00bbWhatsApp Image 2025-01-23 at 08.46.32&#8243; _builder_version=\u00bb4.27.0&#8243; _module_preset=\u00bbdefault\u00bb custom_margin=\u00bb0px|0px||-16vw|false|false\u00bb custom_margin_tablet=\u00bb|||0vw|false|false\u00bb custom_margin_phone=\u00bb|||0vw|false|false\u00bb custom_margin_last_edited=\u00bbon|tablet\u00bb border_radii=\u00bbon|20px|20px|20px|20px\u00bb global_colors_info=\u00bb{}\u00bb][\/et_pb_image][\/et_pb_column][et_pb_column type=\u00bb1_2&#8243; _builder_version=\u00bb4.21.0&#8243; _module_preset=\u00bbdefault\u00bb global_colors_info=\u00bb{}\u00bb][et_pb_text _builder_version=\u00bb4.21.0&#8243; _module_preset=\u00bbc16985e1-e0d6-4022-964d-e2bfc04fa633&#8243; text_text_color=\u00bb#ffffff\u00bb header_font=\u00bbClarity City|700|||||||\u00bb header_text_color=\u00bb#202020&#8243; header_font_size=\u00bb65px\u00bb header_line_height=\u00bb1.1em\u00bb custom_margin=\u00bb||30px||false|false\u00bb header_font_size_tablet=\u00bb40px\u00bb header_font_size_phone=\u00bb24px\u00bb header_font_size_last_edited=\u00bbon|desktop\u00bb global_colors_info=\u00bb{}\u00bb]<\/p>\n<h1>Nosotros<\/h1>\n<p>[\/et_pb_text][et_pb_text _builder_version=\u00bb4.21.0&#8243; _module_preset=\u00bb1f09816e-184e-4ce5-a4cf-b39c52c423ca\u00bb text_font=\u00bbGill Sans||||||||\u00bb text_text_color=\u00bb#202020&#8243; text_font_size=\u00bb20px\u00bb text_line_height=\u00bb1.8em\u00bb custom_margin=\u00bb||30px||false|false\u00bb text_font_size_tablet=\u00bb15px\u00bb text_font_size_phone=\u00bb14px\u00bb text_font_size_last_edited=\u00bbon|phone\u00bb header_font_size_tablet=\u00bb55px\u00bb header_font_size_last_edited=\u00bboff|desktop\u00bb global_colors_info=\u00bb{}\u00bb]<\/p>\n<p><span>L\u00d3PEZ-BEL\u00cdO FOOT CENTER es una cl\u00ednica podol\u00f3gica situada en Benidorm, que cuenta con 15 a\u00f1os de especializaci\u00f3n en el sector de la podolog\u00eda, ofreciendo todo tipo de servicios enfocados a mejorar la salud del pie.<\/span><\/p>\n<p><span>Somos un equipo de profesionales con amplia experiencia dedicados a ofrecerte la mejor atenci\u00f3n para tus pies, con colaboracion externa de profesorado y alumnado de la UMH. Nuestro compromiso con la excelencia se refleja en un entorno donde la tecnolog\u00eda m\u00e1s avanzada se combina con el cuidado experto. Desde diagn\u00f3sticos precisos hasta tratamientos innovadores, estamos aqu\u00ed para ti, ofreci\u00e9ndote lo \u00faltimo en tecnolog\u00eda y la atenci\u00f3n personalizada que mereces.<\/span><\/p>\n<p>[\/et_pb_text][et_pb_button button_url=\u00bbhttps:\/\/podologobenidorm.com\/index.php\/nosotros\/#profesionales\u00bb button_text=\u00bbcon\u00f3cenos\u00bb _builder_version=\u00bb4.21.0&#8243; _module_preset=\u00bb58cc584f-ce38-4d86-b1b9-d4257270a502&#8243; button_text_size=\u00bb18px\u00bb button_text_color=\u00bb#ffffff\u00bb button_bg_color=\u00bb#008E79&#8243; button_letter_spacing=\u00bb2px\u00bb button_font=\u00bbClarity City|700||on|||||\u00bb global_colors_info=\u00bb{}\u00bb][\/et_pb_button][\/et_pb_column][\/et_pb_row][\/et_pb_section][et_pb_section fb_built=\u00bb1&#8243; admin_label=\u00bbTestimonial\u00bb module_id=\u00bbprofesionales\u00bb _builder_version=\u00bb4.21.0&#8243; _module_preset=\u00bbdefault\u00bb background_enable_color=\u00bboff\u00bb background_image=\u00bbhttps:\/\/podologobenidorm.com\/wp-content\/uploads\/2023\/03\/fondos6-1.png\u00bb parallax=\u00bbon\u00bb custom_padding=\u00bb0px||100px||false|false\u00bb da_popup_slug=\u00bbprofesionales\u00bb da_disable_devices=\u00bboff|off|off\u00bb locked=\u00bboff\u00bb collapsed=\u00bbon\u00bb global_colors_info=\u00bb{}\u00bb da_is_popup=\u00bboff\u00bb da_exit_intent=\u00bboff\u00bb da_has_close=\u00bbon\u00bb da_alt_close=\u00bboff\u00bb da_dark_close=\u00bboff\u00bb da_not_modal=\u00bbon\u00bb da_is_singular=\u00bboff\u00bb da_with_loader=\u00bboff\u00bb da_has_shadow=\u00bbon\u00bb][et_pb_row column_structure=\u00bb1_2,1_2&#8243; _builder_version=\u00bb4.21.0&#8243; width=\u00bb100%\u00bb max_width=\u00bb100%\u00bb custom_margin=\u00bb|||\u00bb custom_margin_tablet=\u00bb||0px|\u00bb custom_margin_phone=\u00bb\u00bb custom_margin_last_edited=\u00bbon|desktop\u00bb custom_padding=\u00bb0px||0px|||\u00bb use_custom_width=\u00bbon\u00bb width_unit=\u00bboff\u00bb custom_width_percent=\u00bb100%\u00bb global_colors_info=\u00bb{}\u00bb][et_pb_column type=\u00bb1_2&#8243; _builder_version=\u00bb4.16&#8243; custom_padding=\u00bb60px||60px|14%\u00bb custom_padding_tablet=\u00bb0px|50px|50px|50px\u00bb custom_padding_phone=\u00bb0px|50px|50px|50px\u00bb custom_padding_last_edited=\u00bbon|desktop\u00bb global_colors_info=\u00bb{}\u00bb padding_tablet=\u00bb0px|50px|50px|50px\u00bb padding_last_edited=\u00bbon|desktop\u00bb custom_padding__hover=\u00bb|||\u00bb padding_phone=\u00bb0px|50px|50px|50px\u00bb][et_pb_text _builder_version=\u00bb4.21.0&#8243; _module_preset=\u00bb948e5ab8-992a-4f88-9975-83ff35076d64&#8243; header_text_color=\u00bbgcid-f743be1f-46bf-4685-bc55-7e8b347eb98d\u00bb header_3_font=\u00bbClarity City|600|||||||\u00bb header_3_font_size=\u00bb40px\u00bb custom_margin=\u00bb-20px||10px||false|false\u00bb custom_margin_tablet=\u00bb-20px||10px||false|false\u00bb custom_margin_phone=\u00bb50px||10px||false|false\u00bb custom_margin_last_edited=\u00bbon|phone\u00bb global_colors_info=\u00bb{%22gcid-f743be1f-46bf-4685-bc55-7e8b347eb98d%22:%91%22header_text_color%22%93}\u00bb]<\/p>\n<h3>Nuestro equipo de especialistas<\/h3>\n<p>[\/et_pb_text][et_pb_text _builder_version=\u00bb4.21.0&#8243; _module_preset=\u00bb8f25a4b7-dcd6-4184-bc12-b644b83ddfc1&#8243; text_font=\u00bbGill Sans||||||||\u00bb text_text_color=\u00bb#000000&#8243; text_font_size=\u00bb18px\u00bb global_colors_info=\u00bb{}\u00bb]<\/p>\n<p><span>Nos especializamos en ofrecer tratamientos innovadores y altamente efectivos para una variedad de afecciones podol\u00f3gicas. Destacamos en la cirug\u00eda m\u00ednimamente invasiva del pie, utilizando t\u00e9cnicas quir\u00fargicas avanzadas que permiten realizar correcciones significativas con incisiones de menos de 5 mm. Esta t\u00e9cnica no solo ofrece excelentes resultados, sino que tambi\u00e9n permite a nuestros pacientes caminar inmediatamente despu\u00e9s de la cirug\u00eda, reduce el riesgo de complicaciones y acorta los tiempos de recuperaci\u00f3n en comparaci\u00f3n con las t\u00e9cnicas tradicionales.<\/span><\/p>\n<p><span>Contamos con especialistas en intervencionismo ecoguiado para realizar todo tipo de infiltraciones. Adem\u00e1s, junto a nuestra doctora especialista en biomec\u00e1nica realizamos estudios completos de la marcha para as\u00ed ofrecer la mejor soluci\u00f3n a tu problema.<\/span><\/p>\n<p>[\/et_pb_text][\/et_pb_column][et_pb_column type=\u00bb1_2&#8243; _builder_version=\u00bb4.16&#8243; custom_padding=\u00bb|||\u00bb global_colors_info=\u00bb{}\u00bb custom_padding__hover=\u00bb|||\u00bb][et_pb_image src=\u00bbhttps:\/\/podologobenidorm.com\/wp-content\/uploads\/2024\/05\/XSesionCristinapodologaNuevoBrandingReducidasWeb-130923-41.jpg\u00bb title_text=\u00bbXSesio\u0301nCristinapodo\u0301logaNuevoBrandingReducidasWeb-130923-41&#8243; force_fullwidth=\u00bbon\u00bb align_tablet=\u00bbcenter\u00bb align_phone=\u00bbcenter\u00bb align_last_edited=\u00bbon|desktop\u00bb _builder_version=\u00bb4.21.0&#8243; custom_margin=\u00bb|||\u00bb custom_padding=\u00bb|||\u00bb animation_style=\u00bbslide\u00bb animation_direction=\u00bbright\u00bb animation_intensity_slide=\u00bb5%\u00bb border_radii=\u00bboff|||20px|100px\u00bb border_color_all=\u00bbRGBA(255,255,255,0)\u00bb box_shadow_style=\u00bbpreset3&#8243; box_shadow_vertical=\u00bb30px\u00bb box_shadow_blur=\u00bb80px\u00bb box_shadow_spread=\u00bb-30px\u00bb box_shadow_color=\u00bbrgba(102,141,186,0.7)\u00bb global_colors_info=\u00bb{}\u00bb][\/et_pb_image][\/et_pb_column][\/et_pb_row][et_pb_row column_structure=\u00bb1_2,1_2&#8243; use_custom_gutter=\u00bbon\u00bb gutter_width=\u00bb4&#8243; disabled_on=\u00bboff|off|off\u00bb _builder_version=\u00bb4.21.0&#8243; _module_preset=\u00bbdefault\u00bb width=\u00bb50%\u00bb module_alignment=\u00bbcenter\u00bb custom_margin=\u00bb19px|auto||auto|false|false\u00bb global_colors_info=\u00bb{}\u00bb][et_pb_column type=\u00bb1_2&#8243; _builder_version=\u00bb4.20.0&#8243; _module_preset=\u00bbdefault\u00bb global_colors_info=\u00bb{}\u00bb][et_pb_image src=\u00bbhttps:\/\/podologobenidorm.com\/wp-content\/uploads\/2024\/02\/3.jpg\u00bb title_text=\u00bb3&#8243; url=\u00bb#cristina\u00bb use_overlay=\u00bbon\u00bb overlay_icon_color=\u00bb#81C8B8&#8243; _builder_version=\u00bb4.21.0&#8243; _module_preset=\u00bbdefault\u00bb border_radii=\u00bbon|1000px|1000px|1000px|1000px\u00bb global_colors_info=\u00bb{}\u00bb][\/et_pb_image][et_pb_text _builder_version=\u00bb4.21.0&#8243; _module_preset=\u00bb948e5ab8-992a-4f88-9975-83ff35076d64&#8243; header_text_color=\u00bbgcid-f743be1f-46bf-4685-bc55-7e8b347eb98d\u00bb header_3_font=\u00bbClarity City|600|||||||\u00bb header_3_text_align=\u00bbcenter\u00bb header_3_font_size=\u00bb25px\u00bb custom_margin=\u00bb||10px||false|false\u00bb global_colors_info=\u00bb{%22gcid-f743be1f-46bf-4685-bc55-7e8b347eb98d%22:%91%22header_text_color%22%93}\u00bb]<\/p>\n<h3>Dra. Cristina L\u00f3pez-Bel\u00edo<\/h3>\n<p>[\/et_pb_text][et_pb_image src=\u00bbhttps:\/\/podologobenidorm.com\/wp-content\/uploads\/2024\/08\/lopez-belio-3.jpg\u00bb title_text=\u00bblopez-belio (3)\u00bb _builder_version=\u00bb4.27.0&#8243; _module_preset=\u00bbdefault\u00bb hover_enabled=\u00bb0&#8243; border_radii=\u00bbon|1000px|1000px|1000px|1000px\u00bb global_colors_info=\u00bb{}\u00bb sticky_enabled=\u00bb0&#8243;][\/et_pb_image][et_pb_text _builder_version=\u00bb4.21.0&#8243; _module_preset=\u00bb948e5ab8-992a-4f88-9975-83ff35076d64&#8243; header_text_color=\u00bbgcid-f743be1f-46bf-4685-bc55-7e8b347eb98d\u00bb header_3_font=\u00bbClarity City|600|||||||\u00bb header_3_text_align=\u00bbcenter\u00bb header_3_font_size=\u00bb25px\u00bb custom_margin=\u00bb||10px||false|false\u00bb global_colors_info=\u00bb{%22gcid-f743be1f-46bf-4685-bc55-7e8b347eb98d%22:%91%22header_text_color%22%93}\u00bb]<\/p>\n<h3>Dra. Marta Hern\u00e1ndez<\/h3>\n<p>[\/et_pb_text][et_pb_image src=\u00bbhttps:\/\/podologobenidorm.com\/wp-content\/uploads\/2024\/02\/4.jpg\u00bb title_text=\u00bb4&#8243; url=\u00bb#olga\u00bb use_overlay=\u00bbon\u00bb overlay_icon_color=\u00bb#81C8B8&#8243; _builder_version=\u00bb4.21.0&#8243; _module_preset=\u00bbdefault\u00bb border_radii=\u00bbon|1000px|1000px|1000px|1000px\u00bb global_colors_info=\u00bb{}\u00bb][\/et_pb_image][et_pb_text _builder_version=\u00bb4.21.0&#8243; _module_preset=\u00bb948e5ab8-992a-4f88-9975-83ff35076d64&#8243; header_text_color=\u00bbgcid-f743be1f-46bf-4685-bc55-7e8b347eb98d\u00bb header_3_font=\u00bbClarity City|600|||||||\u00bb header_3_text_align=\u00bbcenter\u00bb header_3_font_size=\u00bb25px\u00bb custom_margin=\u00bb||10px||false|false\u00bb global_colors_info=\u00bb{%22gcid-f743be1f-46bf-4685-bc55-7e8b347eb98d%22:%91%22header_text_color%22%93}\u00bb]<\/p>\n<h3>Olga Stratienko<\/h3>\n<p>[\/et_pb_text][\/et_pb_column][et_pb_column type=\u00bb1_2&#8243; _builder_version=\u00bb4.20.0&#8243; _module_preset=\u00bbdefault\u00bb global_colors_info=\u00bb{}\u00bb][et_pb_image src=\u00bbhttps:\/\/podologobenidorm.com\/wp-content\/uploads\/2024\/08\/Nerea.jpg\u00bb title_text=\u00bbNerea\u00bb url=\u00bb#nerea\u00bb use_overlay=\u00bbon\u00bb overlay_icon_color=\u00bb#81C8B8&#8243; _builder_version=\u00bb4.21.0&#8243; _module_preset=\u00bbdefault\u00bb border_radii=\u00bbon|1000px|1000px|1000px|1000px\u00bb global_colors_info=\u00bb{}\u00bb][\/et_pb_image][et_pb_text _builder_version=\u00bb4.21.0&#8243; _module_preset=\u00bb948e5ab8-992a-4f88-9975-83ff35076d64&#8243; header_text_color=\u00bbgcid-f743be1f-46bf-4685-bc55-7e8b347eb98d\u00bb header_3_font=\u00bbClarity City|600|||||||\u00bb header_3_text_align=\u00bbcenter\u00bb header_3_font_size=\u00bb25px\u00bb custom_margin=\u00bb||10px||false|false\u00bb global_colors_info=\u00bb{%22gcid-f743be1f-46bf-4685-bc55-7e8b347eb98d%22:%91%22header_text_color%22%93}\u00bb]<\/p>\n<h3>Dra. Nerea Sempere<\/h3>\n<p>[\/et_pb_text][et_pb_image src=\u00bbhttps:\/\/podologobenidorm.com\/wp-content\/uploads\/2025\/04\/lopez-belio-4.jpg\u00bb title_text=\u00bblopez-belio (4)\u00bb url=\u00bb#aranza\u00bb use_overlay=\u00bbon\u00bb overlay_icon_color=\u00bb#81C8B8&#8243; _builder_version=\u00bb4.27.0&#8243; _module_preset=\u00bbdefault\u00bb border_radii=\u00bbon|1000px|1000px|1000px|1000px\u00bb global_colors_info=\u00bb{}\u00bb][\/et_pb_image][et_pb_text _builder_version=\u00bb4.27.0&#8243; _module_preset=\u00bb948e5ab8-992a-4f88-9975-83ff35076d64&#8243; header_text_color=\u00bbgcid-f743be1f-46bf-4685-bc55-7e8b347eb98d\u00bb header_3_font=\u00bbClarity City|600|||||||\u00bb header_3_text_align=\u00bbcenter\u00bb header_3_font_size=\u00bb25px\u00bb custom_margin=\u00bb||10px||false|false\u00bb hover_enabled=\u00bb0&#8243; global_colors_info=\u00bb{%22gcid-f743be1f-46bf-4685-bc55-7e8b347eb98d%22:%91%22header_text_color%22%93}\u00bb sticky_enabled=\u00bb0&#8243;]<\/p>\n<h3>Dra. Aranzazu Requena<\/h3>\n<p>[\/et_pb_text][\/et_pb_column][\/et_pb_row][\/et_pb_section][et_pb_section fb_built=\u00bb1&#8243; admin_label=\u00bbPopup &#8211; #cristina\u00bb module_id=\u00bbcristina\u00bb module_class=\u00bbpopup\u00bb _builder_version=\u00bb4.27.0&#8243; _module_preset=\u00bbdefault\u00bb width=\u00bb55%\u00bb width_tablet=\u00bb55%\u00bb width_phone=\u00bb100%\u00bb width_last_edited=\u00bbon|phone\u00bb custom_padding=\u00bb50px||50px||true|\u00bb da_is_popup=\u00bbon\u00bb da_popup_slug=\u00bbcristina\u00bb da_disable_devices=\u00bboff|off|off\u00bb global_colors_info=\u00bb{}\u00bb da_exit_intent=\u00bboff\u00bb da_has_close=\u00bbon\u00bb da_alt_close=\u00bboff\u00bb da_dark_close=\u00bboff\u00bb da_not_modal=\u00bbon\u00bb da_is_singular=\u00bboff\u00bb da_with_loader=\u00bboff\u00bb da_has_shadow=\u00bbon\u00bb][et_pb_row _builder_version=\u00bb4.21.0&#8243; _module_preset=\u00bbdefault\u00bb global_colors_info=\u00bb{}\u00bb][et_pb_column type=\u00bb4_4&#8243; _builder_version=\u00bb4.21.0&#8243; _module_preset=\u00bbdefault\u00bb global_colors_info=\u00bb{}\u00bb][et_pb_blurb title=\u00bbDra. Cristina L\u00f3pez-Bel\u00edo\u00bb image=\u00bbhttps:\/\/podologobenidorm.com\/wp-content\/uploads\/2024\/02\/3.jpg\u00bb image_icon_width=\u00bb60%\u00bb icon_alignment=\u00bbleft\u00bb content_max_width=\u00bb1100px\u00bb _builder_version=\u00bb4.21.0&#8243; _module_preset=\u00bbdefault\u00bb width=\u00bb100%\u00bb module_alignment=\u00bbcenter\u00bb global_colors_info=\u00bb{}\u00bb]<\/p>\n<p>Fundadora y directora de L\u00f3pez-Bel\u00edo Foot Center.<\/p>\n<p>Pod\u00f3loga.<\/p>\n<p>Especialista en Cirug\u00eda de M\u00ednima Incisi\u00f3n del Pie.<\/p>\n<p>Especialista en Cirug\u00eda Ungueal.<\/p>\n<p>Especialista en terapia l\u00e1ser.<\/p>\n<p>Director y operador de instalaciones radiol\u00f3gicas.<\/p>\n<p>Miembro de la Asociaci\u00f3n Espa\u00f1ola de Cirug\u00eda de M\u00ednima Incisi\u00f3n (AEMIS).<\/p>\n<p>Graduada en Enfermer\u00eda por la Universidad de Zaragoza.<\/p>\n<p>Graduada en Podolog\u00eda por la Universidad Miguel Hern\u00e1ndez de Alicante.<\/p>\n<p>Postgrado en Cirug\u00eda Podol\u00f3gica de M\u00ednima Incisi\u00f3n por la Universidad Aut\u00f3noma de Barcelona.<\/p>\n<p>Numerosos cursos de Cirug\u00eda Ungueal, osteoarticular y de intervencionismo ecoguiado.<\/p>\n<p>Profesora colaboradora del Observatorio Ocupacional de la Universidad Miguel Hern\u00e1ndez.<\/p>\n<p>[\/et_pb_blurb][\/et_pb_column][\/et_pb_row][\/et_pb_section][et_pb_section fb_built=\u00bb1&#8243; admin_label=\u00bbPopup &#8211; #aranza\u00bb module_id=\u00bbaranza\u00bb module_class=\u00bbpopup\u00bb _builder_version=\u00bb4.27.0&#8243; _module_preset=\u00bbdefault\u00bb width=\u00bb55%\u00bb width_tablet=\u00bb55%\u00bb width_phone=\u00bb100%\u00bb width_last_edited=\u00bbon|phone\u00bb custom_padding=\u00bb50px||50px||true|\u00bb da_is_popup=\u00bbon\u00bb da_popup_slug=\u00bbaranza\u00bb da_disable_devices=\u00bboff|off|off\u00bb global_colors_info=\u00bb{}\u00bb da_exit_intent=\u00bboff\u00bb da_has_close=\u00bbon\u00bb da_alt_close=\u00bboff\u00bb da_dark_close=\u00bboff\u00bb da_not_modal=\u00bbon\u00bb da_is_singular=\u00bboff\u00bb da_with_loader=\u00bboff\u00bb da_has_shadow=\u00bbon\u00bb][et_pb_row _builder_version=\u00bb4.27.0&#8243; _module_preset=\u00bbdefault\u00bb global_colors_info=\u00bb{}\u00bb][et_pb_column type=\u00bb4_4&#8243; _builder_version=\u00bb4.21.0&#8243; _module_preset=\u00bbdefault\u00bb global_colors_info=\u00bb{}\u00bb][et_pb_blurb title=\u00bbDra. Aranzazu Requena\u00bb image=\u00bbhttps:\/\/podologobenidorm.com\/wp-content\/uploads\/2025\/04\/lopez-belio-4.jpg\u00bb image_icon_width=\u00bb60%\u00bb icon_alignment=\u00bbleft\u00bb content_max_width=\u00bb1100px\u00bb disabled_on=\u00bboff|off|off\u00bb _builder_version=\u00bb4.27.0&#8243; _module_preset=\u00bbdefault\u00bb width=\u00bb100%\u00bb module_alignment=\u00bbcenter\u00bb global_colors_info=\u00bb{}\u00bb]<\/p>\n<p>Pod\u00f3loga colaboradora en CL\u00cdNICA LOPEZ- BELIO FOOT CENTER<\/p>\n<p>Profesora UNIVERSIDAD MIGUEL HERNANDEZ<\/p>\n<p>Colegiado N\u00b02466 Colegio Pod\u00f3logos Comunidad Valenciana<\/p>\n<p>Especialista en biomec\u00e1nica deportiva<\/p>\n<p>Especialista en biomec\u00e1nica infantil<\/p>\n<p class=\"p1\">Especialista en ortopodolog\u00eda<\/p>\n<p>Director y operador de instalaciones radiol\u00f3gicas<\/p>\n<p>Miembro de la Asociaci\u00f3n Espa\u00f1ola de podologia deportiva (AEPODE)<\/p>\n<p>Autora de diferentes articulos cientiticos en revistas de alto impaci<\/p>\n<p>Doctorada Universidad de Malaga<\/p>\n<p>[\/et_pb_blurb][\/et_pb_column][\/et_pb_row][\/et_pb_section][et_pb_section fb_built=\u00bb1&#8243; admin_label=\u00bbPopup &#8211; #nerea\u00bb module_id=\u00bbnerea\u00bb module_class=\u00bbpopup\u00bb _builder_version=\u00bb4.27.0&#8243; _module_preset=\u00bbdefault\u00bb width=\u00bb55%\u00bb width_tablet=\u00bb55%\u00bb width_phone=\u00bb100%\u00bb width_last_edited=\u00bbon|phone\u00bb custom_padding=\u00bb50px||50px||true|\u00bb da_is_popup=\u00bbon\u00bb da_popup_slug=\u00bbnerea\u00bb da_disable_devices=\u00bboff|off|off\u00bb global_colors_info=\u00bb{}\u00bb da_exit_intent=\u00bboff\u00bb da_has_close=\u00bbon\u00bb da_alt_close=\u00bboff\u00bb da_dark_close=\u00bboff\u00bb da_not_modal=\u00bbon\u00bb da_is_singular=\u00bboff\u00bb da_with_loader=\u00bboff\u00bb da_has_shadow=\u00bbon\u00bb][et_pb_row _builder_version=\u00bb4.21.0&#8243; _module_preset=\u00bbdefault\u00bb global_colors_info=\u00bb{}\u00bb][et_pb_column type=\u00bb4_4&#8243; _builder_version=\u00bb4.21.0&#8243; _module_preset=\u00bbdefault\u00bb global_colors_info=\u00bb{}\u00bb][et_pb_blurb title=\u00bbDra. Nerea Sempere\u00bb image=\u00bbhttps:\/\/podologobenidorm.com\/wp-content\/uploads\/2024\/08\/Nerea.jpg\u00bb image_icon_width=\u00bb60%\u00bb icon_alignment=\u00bbleft\u00bb content_max_width=\u00bb1100px\u00bb _builder_version=\u00bb4.21.0&#8243; _module_preset=\u00bbdefault\u00bb width=\u00bb100%\u00bb module_alignment=\u00bbcenter\u00bb global_colors_info=\u00bb{}\u00bb]<\/p>\n<p>N\u00ba colegiado: 838463761<\/p>\n<p>Graduada en podolog\u00eda por la Universidad Miguel Hern\u00e1ndez.<\/p>\n<p>Graduada en el M\u00e1ster de Envejecimiento por la Universidad de Murcia.<\/p>\n<p>Estudiante de Medicina en la Universidad Miguel Hern\u00e1ndez.<\/p>\n<p>Part\u00edcipe en el Grupo de Investigaci\u00f3n de Rendimiento Humano en el LAIB de la Universidad de Murcia.<\/p>\n<p>[\/et_pb_blurb][\/et_pb_column][\/et_pb_row][\/et_pb_section][et_pb_section fb_built=\u00bb1&#8243; admin_label=\u00bbPopup &#8211; #olga\u00bb module_id=\u00bbolga\u00bb module_class=\u00bbpopup\u00bb _builder_version=\u00bb4.27.0&#8243; _module_preset=\u00bbdefault\u00bb width=\u00bb55%\u00bb width_tablet=\u00bb55%\u00bb width_phone=\u00bb100%\u00bb width_last_edited=\u00bbon|phone\u00bb custom_padding=\u00bb50px||50px||true|\u00bb da_is_popup=\u00bbon\u00bb da_popup_slug=\u00bbolga\u00bb da_disable_devices=\u00bboff|off|off\u00bb global_colors_info=\u00bb{}\u00bb da_exit_intent=\u00bboff\u00bb da_has_close=\u00bbon\u00bb da_alt_close=\u00bboff\u00bb da_dark_close=\u00bboff\u00bb da_not_modal=\u00bbon\u00bb da_is_singular=\u00bboff\u00bb da_with_loader=\u00bboff\u00bb da_has_shadow=\u00bbon\u00bb][et_pb_row _builder_version=\u00bb4.21.0&#8243; _module_preset=\u00bbdefault\u00bb global_colors_info=\u00bb{}\u00bb][et_pb_column type=\u00bb4_4&#8243; _builder_version=\u00bb4.21.0&#8243; _module_preset=\u00bbdefault\u00bb global_colors_info=\u00bb{}\u00bb][et_pb_blurb title=\u00bbOlga Stratienko\u00bb image=\u00bbhttps:\/\/podologobenidorm.com\/wp-content\/uploads\/2024\/02\/4.jpg\u00bb image_icon_width=\u00bb60%\u00bb icon_alignment=\u00bbleft\u00bb content_max_width=\u00bb1100px\u00bb _builder_version=\u00bb4.21.0&#8243; _module_preset=\u00bbdefault\u00bb width=\u00bb100%\u00bb module_alignment=\u00bbcenter\u00bb global_colors_info=\u00bb{}\u00bb]<\/p>\n<p>Licenciada en Ling\u00fc\u00edstica y Comunicaci\u00f3n intercultural (ingl\u00e9s) por la Universidad de San Petersburgo.<\/p>\n<p>Traductora Ingl\u00e9s-Ruso en la especialidad m\u00e9dica.<\/p>\n<p>Profesora de la C\u00e1tedra de Lenguas Extranjeras y la C\u00e1tedra de Ling\u00fc\u00edstica y Traducci\u00f3n de la Facultad de Humanidades de la Universidad de Relaciones Econ\u00f3micas Exteriores, Econom\u00eda y Derecho de San Petersburgo.<\/p>\n<p>[\/et_pb_blurb][\/et_pb_column][\/et_pb_row][\/et_pb_section][et_pb_section fb_built=\u00bb1&#8243; admin_label=\u00bbTestimonail\u00bb module_id=\u00bbopiniones\u00bb _builder_version=\u00bb4.21.0&#8243; _module_preset=\u00bbdefault\u00bb background_enable_color=\u00bboff\u00bb custom_margin=\u00bb0px|||||\u00bb custom_padding=\u00bb55px||55px||true|\u00bb da_popup_slug=\u00bbopiniones\u00bb da_disable_devices=\u00bboff|off|off\u00bb global_colors_info=\u00bb{}\u00bb da_is_popup=\u00bboff\u00bb da_exit_intent=\u00bboff\u00bb da_has_close=\u00bbon\u00bb da_alt_close=\u00bboff\u00bb da_dark_close=\u00bboff\u00bb da_not_modal=\u00bbon\u00bb da_is_singular=\u00bboff\u00bb da_with_loader=\u00bboff\u00bb da_has_shadow=\u00bbon\u00bb][et_pb_row column_structure=\u00bb1_2,1_2&#8243; _builder_version=\u00bb4.16&#8243; _module_preset=\u00bbdefault\u00bb global_colors_info=\u00bb{}\u00bb][et_pb_column type=\u00bb1_2&#8243; _builder_version=\u00bb4.16&#8243; _module_preset=\u00bbdefault\u00bb custom_padding=\u00bb70px||||false|false\u00bb custom_padding_tablet=\u00bb0px||||false|false\u00bb custom_padding_phone=\u00bb\u00bb custom_padding_last_edited=\u00bbon|phone\u00bb global_colors_info=\u00bb{}\u00bb][et_pb_text _builder_version=\u00bb4.21.0&#8243; _module_preset=\u00bb1da4c4f2-8e53-4788-a9f5-4d073216150a\u00bb header_2_font=\u00bbClarity City|700|||||||\u00bb header_2_text_color=\u00bb#202020&#8243; header_2_font_size=\u00bb50px\u00bb header_2_line_height=\u00bb1.1em\u00bb header_2_font_size_tablet=\u00bb34px\u00bb header_2_font_size_phone=\u00bb24px\u00bb header_2_font_size_last_edited=\u00bbon|phone\u00bb locked=\u00bboff\u00bb global_colors_info=\u00bb{}\u00bb]<\/p>\n<h2>La opini\u00f3n de nuestros pacientes<\/h2>\n<p>[\/et_pb_text][et_pb_divider color=\u00bb#959595&#8243; _builder_version=\u00bb4.16&#8243; _module_preset=\u00bbdefault\u00bb width=\u00bb60%\u00bb locked=\u00bboff\u00bb global_colors_info=\u00bb{}\u00bb][\/et_pb_divider][et_pb_text _builder_version=\u00bb4.21.0&#8243; _module_preset=\u00bbfb3d65bf-a8b3-4897-95f4-4b2325e4d896&#8243; text_line_height=\u00bb1.8em\u00bb link_text_color=\u00bb#003E51&#8243; text_font_size_tablet=\u00bb15px\u00bb text_font_size_phone=\u00bb14px\u00bb text_font_size_last_edited=\u00bbon|phone\u00bb locked=\u00bboff\u00bb global_colors_info=\u00bb{}\u00bb]<\/p>\n<p><span>En L\u00d3PEZ-BEL\u00cdO FOOT CENTER, nuestros pacientes son nuestra prioridad absoluta. Trabajamos incansablemente para garantizar su bienestar, comodidad y salud podol\u00f3gica. Su confianza en nosotros es nuestro motor para ofrecer la mejor atenci\u00f3n posible.<\/span><\/p>\n<p>[\/et_pb_text][\/et_pb_column][et_pb_column type=\u00bb1_2&#8243; _builder_version=\u00bb4.16&#8243; _module_preset=\u00bbdefault\u00bb global_colors_info=\u00bb{}\u00bb][et_pb_testimonial author=\u00bbMireia V\u00e1zquez\u00bb quote_icon=\u00bboff\u00bb quote_icon_color=\u00bb#cfd1d3&#8243; quote_icon_background_color=\u00bb#ffffff\u00bb portrait_width=\u00bb40px\u00bb portrait_height=\u00bb40px\u00bb _builder_version=\u00bb4.21.0&#8243; _module_preset=\u00bbdefault\u00bb body_line_height=\u00bb1.6em\u00bb author_font=\u00bbGill Sans|700|||||||\u00bb author_text_color=\u00bb#202020&#8243; background_color=\u00bb#fcf9f9&#8243; border_radii=\u00bboff|||100px|\u00bb border_radii_tablet=\u00bboff|||120px|\u00bb border_radii_phone=\u00bbon|10px|10px|10px|10px\u00bb border_radii_last_edited=\u00bbon|phone\u00bb global_colors_info=\u00bb{}\u00bb]<\/p>\n<p><span>\u00ab<\/span>Trato incre\u00edble y profesionales como la copa de un pino! Super contenta????<span>\u00ab<\/span><\/p>\n<p>[\/et_pb_testimonial][et_pb_testimonial author=\u00bbJudith Recio\u00bb quote_icon=\u00bboff\u00bb quote_icon_color=\u00bb#cfd1d3&#8243; quote_icon_background_color=\u00bb#ffffff\u00bb portrait_width=\u00bb40px\u00bb portrait_height=\u00bb40px\u00bb _builder_version=\u00bb4.21.0&#8243; _module_preset=\u00bbdefault\u00bb body_line_height=\u00bb1.6em\u00bb author_font=\u00bbGill Sans|700|||||||\u00bb author_text_color=\u00bb#202020&#8243; background_color=\u00bb#fcf9f9&#8243; border_radii=\u00bboff|||100px|\u00bb border_radii_tablet=\u00bboff|||120px|\u00bb border_radii_phone=\u00bbon|10px|10px|10px|10px\u00bb border_radii_last_edited=\u00bbon|phone\u00bb global_colors_info=\u00bb{}\u00bb]<\/p>\n<p><span>\u00abHemos estado en esta cl\u00ednica por recomendaci\u00f3n de una paciente y todos y cada uno de los trabajadores nos han tratado fenomenal, para m\u00ed la mejor cl\u00ednica podol\u00f3gica de la zona.\u00bb<\/span><\/p>\n<p>[\/et_pb_testimonial][\/et_pb_column][\/et_pb_row][\/et_pb_section][et_pb_section fb_built=\u00bb1&#8243; custom_padding_last_edited=\u00bbon|phone\u00bb admin_label=\u00bbHeader\u00bb module_id=\u00bbinstalaciones\u00bb _builder_version=\u00bb4.21.0&#8243; _module_preset=\u00bbdefault\u00bb background_color=\u00bb#fcf9f9&#8243; background_enable_image=\u00bboff\u00bb overflow-x=\u00bbhidden\u00bb overflow-y=\u00bbhidden\u00bb custom_margin=\u00bb30px||||false|false\u00bb custom_padding=\u00bb0px||175px||false|false\u00bb custom_padding_tablet=\u00bb0px||175px||false|false\u00bb custom_padding_phone=\u00bb0px||50px||false|false\u00bb da_popup_slug=\u00bbinstalaciones\u00bb da_disable_devices=\u00bboff|off|off\u00bb collapsed=\u00bbon\u00bb global_colors_info=\u00bb{}\u00bb da_is_popup=\u00bboff\u00bb da_exit_intent=\u00bboff\u00bb da_has_close=\u00bbon\u00bb da_alt_close=\u00bboff\u00bb da_dark_close=\u00bboff\u00bb da_not_modal=\u00bbon\u00bb da_is_singular=\u00bboff\u00bb da_with_loader=\u00bboff\u00bb da_has_shadow=\u00bbon\u00bb][et_pb_row column_structure=\u00bb2_5,3_5&#8243; _builder_version=\u00bb4.20.0&#8243; _module_preset=\u00bbdefault\u00bb custom_padding=\u00bb0px||70px||false|false\u00bb global_colors_info=\u00bb{}\u00bb][et_pb_column type=\u00bb2_5&#8243; _builder_version=\u00bb4.19.5&#8243; _module_preset=\u00bbdefault\u00bb custom_padding=\u00bb12%||||false|false\u00bb custom_padding_tablet=\u00bb12%||||false|false\u00bb custom_padding_phone=\u00bb12%||||false|false\u00bb custom_padding_last_edited=\u00bbon|desktop\u00bb global_colors_info=\u00bb{}\u00bb][et_pb_text _builder_version=\u00bb4.20.0&#8243; _module_preset=\u00bbd118d573-b30d-4b99-8064-7923f035dcdc\u00bb header_2_font=\u00bbClarity City|600|||||||\u00bb header_2_font_size=\u00bb60px\u00bb global_colors_info=\u00bb{}\u00bb]<\/p>\n<h2>Instalaciones<\/h2>\n<p>[\/et_pb_text][et_pb_text _builder_version=\u00bb4.21.0&#8243; _module_preset=\u00bb8f25a4b7-dcd6-4184-bc12-b644b83ddfc1&#8243; text_font=\u00bbGill Sans||||||||\u00bb text_text_color=\u00bb#000000&#8243; text_font_size=\u00bb18px\u00bb global_colors_info=\u00bb{}\u00bb]<\/p>\n<p>En <span>L\u00d3PEZ-BEL\u00cdO FOOT CENTER<\/span>, nos especializamos en brindarte un cuidado excepcional para tus pies. Desde cirug\u00edas de m\u00ednima incisi\u00f3n hasta tratamientos integrales, pasando por servicios de enfermer\u00eda y rehabilitaci\u00f3n, estamos aqu\u00ed para ti con una atenci\u00f3n de primer nivel.<\/p>\n<p>[\/et_pb_text][\/et_pb_column][et_pb_column type=\u00bb3_5&#8243; _builder_version=\u00bb4.19.5&#8243; _module_preset=\u00bbdefault\u00bb global_colors_info=\u00bb{}\u00bb][et_pb_image src=\u00bbhttps:\/\/podologobenidorm.com\/wp-content\/uploads\/2023\/03\/SesionCristinapodologaWebReducidas-280922-73.jpg\u00bb title_text=\u00bbSesio\u0301nCristinapodo\u0301logaWebReducidas-280922-73&#8243; _builder_version=\u00bb4.21.0&#8243; _module_preset=\u00bbdefault\u00bb custom_margin=\u00bb|-10vw|0px||false|false\u00bb custom_margin_tablet=\u00bb||||false|false\u00bb custom_margin_last_edited=\u00bboff|tablet\u00bb border_radii=\u00bboff|||20px|100px\u00bb global_colors_info=\u00bb{}\u00bb][\/et_pb_image][\/et_pb_column][\/et_pb_row][et_pb_row column_structure=\u00bb1_2,1_2&#8243; make_equal=\u00bbon\u00bb _builder_version=\u00bb4.19.5&#8243; _module_preset=\u00bbdefault\u00bb global_colors_info=\u00bb{}\u00bb][et_pb_column type=\u00bb1_2&#8243; _builder_version=\u00bb4.19.5&#8243; _module_preset=\u00bbdefault\u00bb global_colors_info=\u00bb{}\u00bb][et_pb_image src=\u00bbhttps:\/\/podologobenidorm.com\/wp-content\/uploads\/2023\/09\/Sin-titulo-2.png\u00bb title_text=\u00bbSin ti\u0301tulo-2&#8243; admin_label=\u00bbImage\u00bb _builder_version=\u00bb4.21.0&#8243; _module_preset=\u00bbdefault\u00bb positioning=\u00bbabsolute\u00bb position_origin_a=\u00bbbottom_left\u00bb vertical_offset=\u00bb-36%\u00bb horizontal_offset=\u00bb-8%\u00bb z_index=\u00bb67&#8243; width=\u00bb30%\u00bb scroll_vertical_motion_enable=\u00bbon\u00bb scroll_vertical_motion=\u00bb0|50|50|100|1|0|-1&#8243; locked=\u00bboff\u00bb global_colors_info=\u00bb{}\u00bb][\/et_pb_image][et_pb_image src=\u00bbhttps:\/\/podologobenidorm.com\/wp-content\/uploads\/2024\/02\/SesionCristinapodologaNuevoBrandingReducidasWeb-130923-74-1.jpg\u00bb title_text=\u00bbSesio\u0301nCristinapodo\u0301logaNuevoBrandingReducidasWeb-130923-74&#8243; _builder_version=\u00bb4.21.0&#8243; _module_preset=\u00bbdefault\u00bb custom_margin=\u00bb-2px|||||\u00bb border_radii=\u00bbon|10px|10px|10px|10px\u00bb global_colors_info=\u00bb{}\u00bb][\/et_pb_image][\/et_pb_column][et_pb_column type=\u00bb1_2&#8243; _builder_version=\u00bb4.19.5&#8243; _module_preset=\u00bbdefault\u00bb global_colors_info=\u00bb{}\u00bb][et_pb_text _builder_version=\u00bb4.21.0&#8243; _module_preset=\u00bb65fc000e-ed31-4582-90bd-088cdd701f0d\u00bb text_font_size=\u00bb18px\u00bb locked=\u00bboff\u00bb global_colors_info=\u00bb{}\u00bb]<\/p>\n<p>Nuestras instalaciones, dise\u00f1adas pensando en tu confort y seguridad, est\u00e1n equipadas con las \u00faltimas tecnolog\u00edas para diagn\u00f3sticos y tratamientos, tanto m\u00e9dicos como quir\u00fargicos. Adem\u00e1s, nos esforzamos por ofrecer un ambiente moderno y c\u00e1lido que garantiza una experiencia c\u00f3moda desde el momento en que entras por la puerta.<\/p>\n<p>[\/et_pb_text][et_pb_button button_url=\u00bbhttps:\/\/api.whatsapp.com\/send?phone=34695840559&#038;text=%C2%A1Hola!%20Me%20gustar%C3%ADa%20solicitar%20una%20cita\u00bb button_text=\u00bbPIDE CITA\u00bb _builder_version=\u00bb4.21.0&#8243; _module_preset=\u00bb3117bc07-6a8a-4679-b3bb-b6ed74b48a2f\u00bb custom_button=\u00bbon\u00bb button_text_size=\u00bb18px\u00bb button_text_color=\u00bb#202020&#8243; button_bg_color=\u00bbRGBA(255,255,255,0)\u00bb button_border_width=\u00bb1px\u00bb button_border_color=\u00bb#202020&#8243; button_border_radius=\u00bb50px\u00bb button_letter_spacing=\u00bb1px\u00bb button_font=\u00bbClarity City|600|||||||\u00bb custom_padding=\u00bb20px|40px|20px|40px|true|true\u00bb global_colors_info=\u00bb{}\u00bb][\/et_pb_button][\/et_pb_column][\/et_pb_row][et_pb_row column_structure=\u00bb1_2,1_4,1_4&#8243; _builder_version=\u00bb4.20.0&#8243; _module_preset=\u00bbdefault\u00bb width=\u00bb100%\u00bb max_width=\u00bb1829px\u00bb custom_margin=\u00bb70px|auto||auto||\u00bb global_colors_info=\u00bb{}\u00bb][et_pb_column type=\u00bb1_2&#8243; _builder_version=\u00bb4.20.0&#8243; _module_preset=\u00bbdefault\u00bb global_colors_info=\u00bb{}\u00bb][et_pb_image src=\u00bbhttps:\/\/podologobenidorm.com\/wp-content\/uploads\/2023\/03\/SesionCristinapodologaWebReducidas-280922-76.jpg\u00bb title_text=\u00bbSesio\u0301nCristinapodo\u0301logaWebReducidas-280922-76&#8243; _builder_version=\u00bb4.20.0&#8243; _module_preset=\u00bbdefault\u00bb border_radii=\u00bbon|20px|20px|20px|20px\u00bb global_colors_info=\u00bb{}\u00bb][\/et_pb_image][\/et_pb_column][et_pb_column type=\u00bb1_4&#8243; _builder_version=\u00bb4.20.0&#8243; _module_preset=\u00bbdefault\u00bb global_colors_info=\u00bb{}\u00bb][et_pb_image src=\u00bbhttps:\/\/podologobenidorm.com\/wp-content\/uploads\/2023\/03\/SesionCristinapodologaWebReducidas-280922-91.jpg\u00bb title_text=\u00bbSesio\u0301nCristinapodo\u0301logaWebReducidas-280922-91&#8243; _builder_version=\u00bb4.20.0&#8243; _module_preset=\u00bbdefault\u00bb custom_margin=\u00bb12px|||||\u00bb border_radii=\u00bbon|20px|20px|20px|20px\u00bb global_colors_info=\u00bb{}\u00bb][\/et_pb_image][et_pb_image src=\u00bbhttps:\/\/podologobenidorm.com\/wp-content\/uploads\/2023\/03\/SesionCristinapodologaWebReducidas-280922-93.jpg\u00bb title_text=\u00bbSesio\u0301nCristinapodo\u0301logaWebReducidas-280922-93&#8243; _builder_version=\u00bb4.20.0&#8243; _module_preset=\u00bbdefault\u00bb border_radii=\u00bbon|20px|20px|20px|20px\u00bb global_colors_info=\u00bb{}\u00bb][\/et_pb_image][\/et_pb_column][et_pb_column type=\u00bb1_4&#8243; _builder_version=\u00bb4.20.0&#8243; _module_preset=\u00bbdefault\u00bb global_colors_info=\u00bb{}\u00bb][et_pb_image src=\u00bbhttps:\/\/podologobenidorm.com\/wp-content\/uploads\/2023\/03\/SesionCristinapodologaWebReducidas-280922-134.jpg\u00bb title_text=\u00bbSesio\u0301nCristinapodo\u0301logaWebReducidas-280922-134&#8243; _builder_version=\u00bb4.20.0&#8243; _module_preset=\u00bbdefault\u00bb custom_margin=\u00bb12px|||||\u00bb border_radii=\u00bbon|20px|20px|20px|20px\u00bb global_colors_info=\u00bb{}\u00bb][\/et_pb_image][et_pb_image src=\u00bbhttps:\/\/podologobenidorm.com\/wp-content\/uploads\/2023\/03\/SesionCristinapodologaWebReducidas-280922-82.jpg\u00bb title_text=\u00bbSesio\u0301nCristinapodo\u0301logaWebReducidas-280922-82&#8243; _builder_version=\u00bb4.20.0&#8243; _module_preset=\u00bbdefault\u00bb border_radii=\u00bbon|20px|20px|20px|20px\u00bb global_colors_info=\u00bb{}\u00bb][\/et_pb_image][\/et_pb_column][\/et_pb_row][\/et_pb_section][et_pb_section fb_built=\u00bb1&#8243; admin_label=\u00bbSection\u00bb module_id=\u00bbdonde-estamos\u00bb _builder_version=\u00bb4.21.0&#8243; _module_preset=\u00bbdefault\u00bb da_popup_slug=\u00bbdonde-estamos\u00bb da_disable_devices=\u00bboff|off|off\u00bb global_colors_info=\u00bb{}\u00bb da_is_popup=\u00bboff\u00bb da_exit_intent=\u00bboff\u00bb da_has_close=\u00bbon\u00bb da_alt_close=\u00bboff\u00bb da_dark_close=\u00bboff\u00bb da_not_modal=\u00bbon\u00bb da_is_singular=\u00bboff\u00bb da_with_loader=\u00bboff\u00bb da_has_shadow=\u00bbon\u00bb][et_pb_row _builder_version=\u00bb4.21.0&#8243; _module_preset=\u00bbdefault\u00bb global_colors_info=\u00bb{}\u00bb][et_pb_column type=\u00bb4_4&#8243; _builder_version=\u00bb4.21.0&#8243; _module_preset=\u00bbdefault\u00bb global_colors_info=\u00bb{}\u00bb][et_pb_text _builder_version=\u00bb4.21.0&#8243; _module_preset=\u00bbd118d573-b30d-4b99-8064-7923f035dcdc\u00bb header_2_font=\u00bbClarity City|600|||||||\u00bb header_2_font_size=\u00bb60px\u00bb custom_margin=\u00bb||-7px|||\u00bb global_colors_info=\u00bb{}\u00bb]<\/p>\n<h2>D\u00f3nde estamos<\/h2>\n<p>[\/et_pb_text][et_pb_text _builder_version=\u00bb4.21.0&#8243; _module_preset=\u00bb948e5ab8-992a-4f88-9975-83ff35076d64&#8243; header_text_color=\u00bbgcid-f743be1f-46bf-4685-bc55-7e8b347eb98d\u00bb header_3_font=\u00bbClarity City|600|||||||\u00bb header_3_text_align=\u00bbleft\u00bb header_3_font_size=\u00bb25px\u00bb custom_margin=\u00bb||0px||false|false\u00bb global_colors_info=\u00bb{%22gcid-f743be1f-46bf-4685-bc55-7e8b347eb98d%22:%91%22header_text_color%22%93}\u00bb]<\/p>\n<div jstcache=\"25\" class=\"address\" jsan=\"7.address\">Av. Emilio Ortu\u00f1o, 12, 03501 Benidorm, Alicante<\/div>\n<p>[\/et_pb_text][et_pb_code _builder_version=\u00bb4.21.0&#8243; _module_preset=\u00bbdefault\u00bb custom_margin=\u00bb30px||||false|false\u00bb global_colors_info=\u00bb{}\u00bb]<iframe src=\"https:\/\/www.google.com\/maps\/embed?pb=!1m18!1m12!1m3!1d3120.841127195763!2d-0.13075732431153003!3d38.53743027180302!2m3!1f0!2f0!3f0!3m2!1i1024!2i768!4f13.1!3m3!1m2!1s0xd6204e62a6601c1%3A0xc967812ca9449a9f!2zTMOTUEVaLUJFTMONTyBGb290IENlbnRlciDwn5Gj!5e0!3m2!1ses!2ses!4v1709060955735!5m2!1ses!2ses\" width=\"2000\" height=\"500\" style=\"border:0;\" allowfullscreen=\"\" loading=\"lazy\" referrerpolicy=\"no-referrer-when-downgrade\"><\/iframe>[\/et_pb_code][\/et_pb_column][\/et_pb_row][\/et_pb_section][et_pb_section fb_built=\u00bb1&#8243; admin_label=\u00bbSection\u00bb module_id=\u00bbcontacto\u00bb _builder_version=\u00bb4.21.0&#8243; _module_preset=\u00bbdefault\u00bb custom_padding=\u00bb0px||130px|||\u00bb da_popup_slug=\u00bbcontacto\u00bb da_disable_devices=\u00bboff|off|off\u00bb global_colors_info=\u00bb{}\u00bb da_is_popup=\u00bboff\u00bb da_exit_intent=\u00bboff\u00bb da_has_close=\u00bbon\u00bb da_alt_close=\u00bboff\u00bb da_dark_close=\u00bboff\u00bb da_not_modal=\u00bbon\u00bb da_is_singular=\u00bboff\u00bb da_with_loader=\u00bboff\u00bb da_has_shadow=\u00bbon\u00bb][et_pb_row use_custom_gutter=\u00bbon\u00bb _builder_version=\u00bb4.21.0&#8243; background_image=\u00bbhttps:\/\/podologobenidorm.com\/wp-content\/uploads\/2024\/02\/SesionCristinapodologaWebReducidas-280922-39.jpg\u00bb parallax=\u00bbon\u00bb width=\u00bb93%\u00bb max_width=\u00bb93%\u00bb module_alignment=\u00bbright\u00bb custom_margin=\u00bb|||\u00bb custom_margin_phone=\u00bb|||\u00bb custom_margin_last_edited=\u00bboff|desktop\u00bb custom_padding=\u00bb100px|40px|100px|40px|true|true\u00bb animation_style=\u00bbslide\u00bb animation_direction=\u00bbright\u00bb animation_intensity_slide=\u00bb5%\u00bb border_radii=\u00bb|30px|||30px\u00bb box_shadow_style=\u00bbpreset3&#8243; box_shadow_vertical=\u00bb30px\u00bb box_shadow_blur=\u00bb80px\u00bb box_shadow_spread=\u00bb-30px\u00bb box_shadow_color=\u00bbrgba(102,141,186,0.7)\u00bb use_custom_width=\u00bbon\u00bb width_unit=\u00bboff\u00bb custom_width_percent=\u00bb93%\u00bb global_colors_info=\u00bb{}\u00bb][et_pb_column type=\u00bb4_4&#8243; _builder_version=\u00bb4.16&#8243; custom_padding=\u00bb|||\u00bb global_colors_info=\u00bb{}\u00bb custom_padding__hover=\u00bb|||\u00bb][et_pb_image src=\u00bbhttps:\/\/podologobenidorm.com\/wp-content\/uploads\/2023\/08\/footprint.png\u00bb title_text=\u00bbfootprint\u00bb align=\u00bbcenter\u00bb align_tablet=\u00bbcenter\u00bb align_phone=\u00bbcenter\u00bb align_last_edited=\u00bbon|desktop\u00bb _builder_version=\u00bb4.21.0&#8243; width=\u00bb100%\u00bb max_width=\u00bb5%\u00bb global_colors_info=\u00bb{}\u00bb][\/et_pb_image][et_pb_text _builder_version=\u00bb4.21.0&#8243; _module_preset=\u00bbc16985e1-e0d6-4022-964d-e2bfc04fa633&#8243; text_text_color=\u00bb#ffffff\u00bb header_font=\u00bbClarity City|700|||||||\u00bb header_text_align=\u00bbcenter\u00bb header_text_color=\u00bb#ffffff\u00bb header_font_size=\u00bb65px\u00bb header_line_height=\u00bb1.1em\u00bb custom_margin=\u00bb||30px||false|false\u00bb header_font_size_tablet=\u00bb40px\u00bb header_font_size_phone=\u00bb24px\u00bb header_font_size_last_edited=\u00bbon|desktop\u00bb global_colors_info=\u00bb{}\u00bb]<\/p>\n<h1>Tu salud podol\u00f3gica comienza aqu\u00ed<\/h1>\n<p>[\/et_pb_text][et_pb_text _builder_version=\u00bb4.21.0&#8243; _module_preset=\u00bb948e5ab8-992a-4f88-9975-83ff35076d64&#8243; header_text_color=\u00bbgcid-f743be1f-46bf-4685-bc55-7e8b347eb98d\u00bb header_3_font=\u00bbClarity City|600|||||||\u00bb header_3_text_align=\u00bbcenter\u00bb header_3_text_color=\u00bb#ffffff\u00bb header_3_font_size=\u00bb25px\u00bb custom_margin=\u00bb||10px||false|false\u00bb global_colors_info=\u00bb{%22gcid-f743be1f-46bf-4685-bc55-7e8b347eb98d%22:%91%22header_text_color%22%93}\u00bb]<\/p>\n<h3>Cont\u00e1ctanos a trav\u00e9s del formulario o llamando al <a data-dtype=\"d3ph\" data-local-attribute=\"d3ph\" jscontroller=\"LWZElb\" href=\"https:\/\/www.google.com\/search?q=lopez+belio+telefono&amp;rlz=1C5CHFA_enES1035ES1035&amp;oq=lopez+belio+telefono&amp;gs_lcrp=EgZjaHJvbWUyBggAEEUYOTIHCAEQIRigATIHCAIQIRigATIHCAMQIRigAdIBCDI2NzdqMGo3qAIAsAIA&amp;sourceid=chrome&amp;ie=UTF-8#\" jsdata=\"QKGTRc;_;A7NygE\" jsaction=\"rcuQ6b:npT2md;F75qrd\" data-ved=\"2ahUKEwjatOyrkcyEAxU3g_0HHRFLDfwQkAgoAHoECA8QAw\"><span aria-label=\"Llamar al n\u00famero de tel\u00e9fono 966 44 45 44\">966 44 45 44<\/span><\/a><\/h3>\n<p>[\/et_pb_text][dvppl_cf7_styler button_alignment=\u00bbright\u00bb cf7=\u00bb1340&#8243; _builder_version=\u00bb4.21.0&#8243; _module_preset=\u00bbdefault\u00bb form_field_font_text_color=\u00bb#7F807F\u00bb form_field_font_font_size=\u00bb16px\u00bb form_field_font_line_height=\u00bb1.2em\u00bb labels_text_color=\u00bb#ffffff\u00bb labels_font_size=\u00bb19px\u00bb custom_submit_button=\u00bbon\u00bb submit_button_text_size=\u00bb16px\u00bb submit_button_bg_color=\u00bb#008E79&#8243; submit_button_border_width=\u00bb0px\u00bb submit_button_border_radius=\u00bb100px\u00bb submit_button_letter_spacing=\u00bb2px\u00bb submit_button_font=\u00bbClarity City|700||on|||||\u00bb submit_button_custom_padding=\u00bb20px|40px|20px|40px|true|true\u00bb max_width=\u00bb800px\u00bb module_alignment=\u00bbcenter\u00bb border_radii_field=\u00bbon|10px|10px|10px|10px\u00bb global_module=\u00bb1352&#8243; global_colors_info=\u00bb{}\u00bb][\/dvppl_cf7_styler][et_pb_toggle title=\u00bbInfo legal\u00bb open_toggle_text_color=\u00bb#ffffff\u00bb open_toggle_background_color=\u00bbRGBA(255,255,255,0)\u00bb closed_toggle_background_color=\u00bbRGBA(255,255,255,0)\u00bb _builder_version=\u00bb4.21.0&#8243; _module_preset=\u00bbdefault\u00bb title_text_color=\u00bb#ffffff\u00bb title_font_size=\u00bb13px\u00bb body_text_color=\u00bb#ffffff\u00bb body_font_size=\u00bb15px\u00bb max_width=\u00bb800px\u00bb module_alignment=\u00bbcenter\u00bb border_width_all=\u00bb0px\u00bb global_module=\u00bb1359&#8243; global_colors_info=\u00bb{}\u00bb]<\/p>\n<p><span>Responsable: Cristina L\u00f3pez-Bel\u00edo<\/span><br \/><span>Finalidad: Enviarte informaci\u00f3n sobre los servicios disponibles y resolver tus dudas.<\/span><br \/><span>Legitimaci\u00f3n: Tu consentimiento de conformidad con la Pol\u00edtica de Privacidad.<\/span><br \/><span>Destinatarios: Los datos que nos facilitas solo son accesibles para nosotros y para la plataforma de email Mailchimp, la cual utilizamos para gestionar nuestros mailings y newsletter. En ning\u00fan caso se distribuir\u00e1n a terceros con fines comerciales.<\/span><br \/><span>Derechos: Tendr\u00e1s derecho, entre otros, a acceder, rectificar, limitar y suprimir tus datos cuando quieras.<\/span><\/p>\n<p>[\/et_pb_toggle][\/et_pb_column][\/et_pb_row][\/et_pb_section]<\/p>\n","protected":false},"excerpt":{"rendered":"<p>NosotrosL\u00d3PEZ-BEL\u00cdO FOOT CENTER es una cl\u00ednica podol\u00f3gica situada en Benidorm, que cuenta con 15 a\u00f1os de especializaci\u00f3n en el sector de la podolog\u00eda, ofreciendo todo tipo de servicios enfocados a mejorar la salud del pie. Somos un equipo de profesionales con amplia experiencia dedicados a ofrecerte la mejor atenci\u00f3n para tus pies, con colaboracion externa [&hellip;]<\/p>\n","protected":false},"author":1,"featured_media":0,"parent":0,"menu_order":0,"comment_status":"closed","ping_status":"closed","template":"","meta":{"_et_pb_use_builder":"on","_et_pb_old_content":"","_et_gb_content_width":"","footnotes":""},"class_list":["post-415","page","type-page","status-publish","hentry"],"_links":{"self":[{"href":"https:\/\/podologobenidorm.com\/index.php\/wp-json\/wp\/v2\/pages\/415","targetHints":{"allow":["GET"]}}],"collection":[{"href":"https:\/\/podologobenidorm.com\/index.php\/wp-json\/wp\/v2\/pages"}],"about":[{"href":"https:\/\/podologobenidorm.com\/index.php\/wp-json\/wp\/v2\/types\/page"}],"author":[{"embeddable":true,"href":"https:\/\/podologobenidorm.com\/index.php\/wp-json\/wp\/v2\/users\/1"}],"replies":[{"embeddable":true,"href":"https:\/\/podologobenidorm.com\/index.php\/wp-json\/wp\/v2\/comments?post=415"}],"version-history":[{"count":58,"href":"https:\/\/podologobenidorm.com\/index.php\/wp-json\/wp\/v2\/pages\/415\/revisions"}],"predecessor-version":[{"id":1588,"href":"https:\/\/podologobenidorm.com\/index.php\/wp-json\/wp\/v2\/pages\/415\/revisions\/1588"}],"wp:attachment":[{"href":"https:\/\/podologobenidorm.com\/index.php\/wp-json\/wp\/v2\/media?parent=415"}],"curies":[{"name":"wp","href":"https:\/\/api.w.org\/{rel}","templated":true}]}}