{"id":445,"date":"2023-11-14T06:42:56","date_gmt":"2023-11-14T06:42:56","guid":{"rendered":"https:\/\/podologobenidorm.com\/?page_id=445"},"modified":"2024-09-17T16:37:18","modified_gmt":"2024-09-17T16:37:18","slug":"fascitis-plantar-dolor-en-el-talon","status":"publish","type":"page","link":"https:\/\/podologobenidorm.com\/index.php\/cirugia-mis\/fascitis-plantar-dolor-en-el-talon\/","title":{"rendered":"Fascitis Plantar (Dolor en el tal\u00f3n)"},"content":{"rendered":"<p>[et_pb_section fb_built=\u00bb1&#8243; admin_label=\u00bbHeader\u00bb _builder_version=\u00bb4.21.0&#8243; _module_preset=\u00bbdefault\u00bb background_color=\u00bb#dbdbdb\u00bb background_image=\u00bbhttps:\/\/podologobenidorm.com\/wp-content\/uploads\/2023\/03\/fondos6-1.png\u00bb parallax=\u00bbon\u00bb custom_padding=\u00bb110px||110px||true|false\u00bb global_colors_info=\u00bb{}\u00bb da_is_popup=\u00bboff\u00bb da_exit_intent=\u00bboff\u00bb da_has_close=\u00bbon\u00bb da_alt_close=\u00bboff\u00bb da_dark_close=\u00bboff\u00bb da_not_modal=\u00bbon\u00bb da_is_singular=\u00bboff\u00bb da_with_loader=\u00bboff\u00bb da_has_shadow=\u00bbon\u00bb da_disable_devices=\u00bboff|off|off\u00bb][et_pb_row column_structure=\u00bb1_2,1_2&#8243; _builder_version=\u00bb4.21.0&#8243; _module_preset=\u00bbdefault\u00bb global_colors_info=\u00bb{}\u00bb][et_pb_column type=\u00bb1_2&#8243; _builder_version=\u00bb4.21.0&#8243; _module_preset=\u00bbdefault\u00bb global_colors_info=\u00bb{}\u00bb][et_pb_text _builder_version=\u00bb4.21.0&#8243; _module_preset=\u00bbc16985e1-e0d6-4022-964d-e2bfc04fa633&#8243; text_text_color=\u00bb#ffffff\u00bb header_font=\u00bbClarity City|700|||||||\u00bb header_text_align=\u00bbleft\u00bb header_text_color=\u00bb#202020&#8243; header_font_size=\u00bb50px\u00bb header_line_height=\u00bb1.1em\u00bb header_2_font=\u00bbClarity City|600|||||||\u00bb header_2_font_size=\u00bb40px\u00bb custom_margin=\u00bb||30px||false|false\u00bb hover_enabled=\u00bb0&#8243; header_font_size_tablet=\u00bb40px\u00bb header_font_size_phone=\u00bb24px\u00bb header_font_size_last_edited=\u00bbon|desktop\u00bb global_colors_info=\u00bb{}\u00bb link_option_url=\u00bbhttps:\/\/podologobenidorm.com\/index.php\/cirugia-mis\/\u00bb sticky_enabled=\u00bb0&#8243;]<\/p>\n<h2>&lt; Cirug\u00eda MIS<\/h2>\n<p>[\/et_pb_text][et_pb_text _builder_version=\u00bb4.21.0&#8243; _module_preset=\u00bbc16985e1-e0d6-4022-964d-e2bfc04fa633&#8243; text_text_color=\u00bb#ffffff\u00bb header_font=\u00bbClarity City|700|||||||\u00bb header_text_color=\u00bb#202020&#8243; header_font_size=\u00bb50px\u00bb header_line_height=\u00bb1.1em\u00bb custom_margin=\u00bb||30px||false|false\u00bb header_font_size_tablet=\u00bb40px\u00bb header_font_size_phone=\u00bb24px\u00bb header_font_size_last_edited=\u00bbon|desktop\u00bb global_colors_info=\u00bb{}\u00bb]<\/p>\n<h1>Fascitis Plantar (Dolor en el tal\u00f3n)<\/h1>\n<p>[\/et_pb_text][et_pb_text _builder_version=\u00bb4.21.0&#8243; _module_preset=\u00bb1f09816e-184e-4ce5-a4cf-b39c52c423ca\u00bb text_font=\u00bbGill Sans||||||||\u00bb text_text_color=\u00bb#202020&#8243; text_font_size=\u00bb20px\u00bb text_line_height=\u00bb1.8em\u00bb custom_margin=\u00bb||30px||false|false\u00bb text_font_size_tablet=\u00bb15px\u00bb text_font_size_phone=\u00bb14px\u00bb text_font_size_last_edited=\u00bbon|phone\u00bb header_font_size_tablet=\u00bb55px\u00bb header_font_size_last_edited=\u00bboff|desktop\u00bb global_colors_info=\u00bb{}\u00bb]<\/p>\n<p><span>La fascia plantar es una banda ancha, gruesa y de tejido fino, que discurre por la planta del pie (arco interno). A veces, puede producirse una rotura en el origen del ligamento transverso que puede causar inflamaci\u00f3n y dolor de la fascia o aponeurosis plantar.<\/span><\/p>\n<p><span>Se trata de una lesi\u00f3n que provoca dolor en el tal\u00f3n, pudiendo irradiarse a la parte anterior del pie.<\/span><\/p>\n<p>La fascitis plantar tambi\u00e9n se conoce como espol\u00f3n calc\u00e1neo, aunque no son necesariamente lo mismo. Un espol\u00f3n es un crecimiento \u00f3seo que se desarrolla en la inserci\u00f3n de la fascia plantar, en el calc\u00e1neo (tal\u00f3n).<\/p>\n<p>[\/et_pb_text][et_pb_button button_url=\u00bbhttps:\/\/podologobenidorm.com\/index.php\/cirugia-mis\/fascitis-plantar-dolor-en-el-talon\/#sabermas\u00bb button_text=\u00bbsaber m\u00e1s\u00bb _builder_version=\u00bb4.21.0&#8243; _module_preset=\u00bb58cc584f-ce38-4d86-b1b9-d4257270a502&#8243; button_text_size=\u00bb18px\u00bb button_text_color=\u00bb#ffffff\u00bb button_bg_color=\u00bb#008E79&#8243; button_letter_spacing=\u00bb2px\u00bb button_font=\u00bbClarity City|700||on|||||\u00bb global_colors_info=\u00bb{}\u00bb][\/et_pb_button][\/et_pb_column][et_pb_column type=\u00bb1_2&#8243; _builder_version=\u00bb4.21.0&#8243; _module_preset=\u00bbdefault\u00bb global_colors_info=\u00bb{}\u00bb][et_pb_image src=\u00bbhttps:\/\/podologobenidorm.com\/wp-content\/uploads\/2024\/04\/FASCITIS-PLANTAR-CABECERA.jpg\u00bb title_text=\u00bbFASCITIS PLANTAR CABECERA\u00bb _builder_version=\u00bb4.21.0&#8243; _module_preset=\u00bbdefault\u00bb custom_margin=\u00bb0px|-16vw||0px|false|false\u00bb custom_margin_tablet=\u00bb|||0vw|false|false\u00bb custom_margin_phone=\u00bb|||0vw|false|false\u00bb custom_margin_last_edited=\u00bbon|tablet\u00bb border_radii=\u00bbon|20px|20px|20px|20px\u00bb global_colors_info=\u00bb{}\u00bb][\/et_pb_image][\/et_pb_column][\/et_pb_row][\/et_pb_section][et_pb_section fb_built=\u00bb1&#8243; specialty=\u00bbon\u00bb module_id=\u00bbsabermas\u00bb _builder_version=\u00bb4.21.0&#8243; _module_preset=\u00bbdefault\u00bb background_enable_color=\u00bboff\u00bb background_enable_image=\u00bboff\u00bb parallax=\u00bbon\u00bb width=\u00bb100%\u00bb max_width=\u00bb100%\u00bb custom_margin=\u00bb-2px|||||\u00bb custom_padding=\u00bb93px||116px|||\u00bb global_colors_info=\u00bb{}\u00bb da_is_popup=\u00bboff\u00bb da_exit_intent=\u00bboff\u00bb da_has_close=\u00bbon\u00bb da_alt_close=\u00bboff\u00bb da_dark_close=\u00bboff\u00bb da_not_modal=\u00bbon\u00bb da_is_singular=\u00bboff\u00bb da_with_loader=\u00bboff\u00bb da_has_shadow=\u00bbon\u00bb da_disable_devices=\u00bboff|off|off\u00bb][et_pb_column type=\u00bb1_2&#8243; specialty_columns=\u00bb2&#8243; _builder_version=\u00bb4.16&#8243; custom_padding=\u00bb|||\u00bb global_colors_info=\u00bb{}\u00bb custom_padding__hover=\u00bb|||\u00bb][et_pb_row_inner _builder_version=\u00bb4.20.0&#8243; _module_preset=\u00bbdefault\u00bb custom_padding=\u00bb||32px|||\u00bb global_colors_info=\u00bb{}\u00bb][et_pb_column_inner saved_specialty_column_type=\u00bb1_2&#8243; _builder_version=\u00bb4.20.0&#8243; _module_preset=\u00bbdefault\u00bb global_colors_info=\u00bb{}\u00bb][et_pb_image src=\u00bbhttps:\/\/podologobenidorm.com\/wp-content\/uploads\/2024\/07\/PHOTO-2024-04-19-11-33-04.jpg\u00bb title_text=\u00bbPHOTO-2024-04-19-11-33-04&#8243; _builder_version=\u00bb4.21.0&#8243; _module_preset=\u00bbdefault\u00bb custom_margin=\u00bb0px|||-16vw|false|false\u00bb custom_margin_tablet=\u00bb|||0vw|false|false\u00bb custom_margin_phone=\u00bb|||0vw|false|false\u00bb custom_margin_last_edited=\u00bbon|tablet\u00bb border_radii=\u00bbon|20px|20px|20px|20px\u00bb global_colors_info=\u00bb{}\u00bb][\/et_pb_image][\/et_pb_column_inner][\/et_pb_row_inner][\/et_pb_column][et_pb_column type=\u00bb1_2&#8243; _builder_version=\u00bb4.16&#8243; custom_padding=\u00bb|||\u00bb global_colors_info=\u00bb{}\u00bb custom_padding__hover=\u00bb|||\u00bb][et_pb_text _builder_version=\u00bb4.21.0&#8243; _module_preset=\u00bb1da4c4f2-8e53-4788-a9f5-4d073216150a\u00bb header_2_font=\u00bbClarity City|700|||||||\u00bb header_2_text_color=\u00bb#202020&#8243; header_2_font_size=\u00bb45px\u00bb header_2_line_height=\u00bb1.1em\u00bb header_2_font_size_tablet=\u00bb34px\u00bb header_2_font_size_phone=\u00bb24px\u00bb header_2_font_size_last_edited=\u00bbon|phone\u00bb locked=\u00bboff\u00bb global_colors_info=\u00bb{}\u00bb]<\/p>\n<h2>Causas y tratamiento<\/h2>\n<p>[\/et_pb_text][et_pb_text _builder_version=\u00bb4.21.0&#8243; _module_preset=\u00bb1f09816e-184e-4ce5-a4cf-b39c52c423ca\u00bb text_font=\u00bbGill Sans||||||||\u00bb text_text_color=\u00bb#202020&#8243; text_font_size=\u00bb20px\u00bb text_line_height=\u00bb1.8em\u00bb custom_margin=\u00bb8px||30px||false|false\u00bb custom_padding=\u00bb||0px|||\u00bb text_font_size_tablet=\u00bb16px\u00bb text_font_size_phone=\u00bb14px\u00bb text_font_size_last_edited=\u00bbon|tablet\u00bb header_font_size_tablet=\u00bb55px\u00bb header_font_size_last_edited=\u00bboff|desktop\u00bb global_colors_info=\u00bb{}\u00bb]<\/p>\n<p>El desarrollo de la fascitis plantar suele asociarse principalmente con un incremento repentino en la actividad f\u00edsica o en individuos que comienzan a practicar deportes a los que no estaban acostumbrados.<\/p>\n<p>Estas condiciones tambi\u00e9n pueden surgir en personas que experimentan un r\u00e1pido aumento de peso, as\u00ed como en aquellos con pies excesivamente pronados (con tendencia plana), pies muy cavos o varos (con un alto arco), y aquellos que utilizan calzado inapropiado, entre otros factores.<\/p>\n<p><span>El tratamiento del espol\u00f3n calc\u00e1neo y la fascitis plantar es objeto de debate, y existen numerosos m\u00e9todos terap\u00e9uticos documentados actualmente.<\/span><\/p>\n<p>[\/et_pb_text][et_pb_button button_url=\u00bbhttps:\/\/api.whatsapp.com\/send?phone=34695840559&#038;text=%C2%A1Hola!%20Me%20gustar%C3%ADa%20solicitar%20una%20cita\u00bb button_text=\u00bbPIDE CITA\u00bb _builder_version=\u00bb4.21.0&#8243; _module_preset=\u00bb3117bc07-6a8a-4679-b3bb-b6ed74b48a2f\u00bb custom_button=\u00bbon\u00bb button_text_size=\u00bb18px\u00bb button_text_color=\u00bb#202020&#8243; button_bg_color=\u00bbRGBA(255,255,255,0)\u00bb button_border_width=\u00bb1px\u00bb button_border_color=\u00bb#202020&#8243; button_border_radius=\u00bb50px\u00bb button_letter_spacing=\u00bb1px\u00bb button_font=\u00bbClarity City|600|||||||\u00bb custom_padding=\u00bb20px|40px|20px|40px|true|true\u00bb global_colors_info=\u00bb{}\u00bb][\/et_pb_button][\/et_pb_column][\/et_pb_section][et_pb_section fb_built=\u00bb1&#8243; admin_label=\u00bbAbout\u00bb _builder_version=\u00bb4.21.0&#8243; _module_preset=\u00bbdefault\u00bb background_color=\u00bbgcid-9464c34f-f9ff-43eb-9668-c958662e33fc\u00bb custom_padding=\u00bb90px||90px||true|\u00bb locked=\u00bboff\u00bb collapsed=\u00bbon\u00bb global_colors_info=\u00bb{%22gcid-9464c34f-f9ff-43eb-9668-c958662e33fc%22:%91%22background_color%22%93}\u00bb da_is_popup=\u00bboff\u00bb da_exit_intent=\u00bboff\u00bb da_has_close=\u00bbon\u00bb da_alt_close=\u00bboff\u00bb da_dark_close=\u00bboff\u00bb da_not_modal=\u00bbon\u00bb da_is_singular=\u00bboff\u00bb da_with_loader=\u00bboff\u00bb da_has_shadow=\u00bbon\u00bb da_disable_devices=\u00bboff|off|off\u00bb][et_pb_row column_structure=\u00bb1_2,1_2&#8243; make_equal=\u00bbon\u00bb _builder_version=\u00bb4.19.5&#8243; _module_preset=\u00bbdefault\u00bb global_colors_info=\u00bb{}\u00bb][et_pb_column type=\u00bb1_2&#8243; _builder_version=\u00bb4.19.5&#8243; _module_preset=\u00bbdefault\u00bb global_colors_info=\u00bb{}\u00bb][et_pb_text _builder_version=\u00bb4.21.0&#8243; _module_preset=\u00bb65fc000e-ed31-4582-90bd-088cdd701f0d\u00bb text_font_size=\u00bb18px\u00bb global_colors_info=\u00bb{}\u00bb]<\/p>\n<p><span>En L\u00d3PEZ-BEL\u00cdO FOOT CENTER recomendamos realizar ejercicios de estiramiento de la fascia dos veces al d\u00eda, como m\u00ednimo, erapia f\u00edsica de rehabilitaci\u00f3n que iniciaremos en la cl\u00ednica y vendajes funcionales.<\/span><\/p>\n<p><span>Cuando estos ejercicios son insuficientes realizamos un estudio biomec\u00e1nico computerizado de la marcha, para confeccionar plantillas a medida, bajo previa toma de molde del paciente.<\/span><\/p>\n<p><span>En muchas ocasiones cuando en el estudio ecogr\u00e1fico vemos una afectaci\u00f3n de la fascia, se propone al paciente combinar el tratamiento de <strong>plantillas personalizadas<\/strong> con <strong>infiltraci\u00f3n de PRP<\/strong> (Plasma Rico en Plaquetas), ya que es el tratamiento donde hay mayor evidencia cient\u00edfica que recupera nuestro tejido fascial.<\/span><\/p>\n<p><span>Este tratamiento conservador ha demostrado tener excelentes resultados sin necesidad de recurrir a tratamientos quir\u00fargicos, los cuales son indicados en muy pocas ocasiones.<\/span><\/p>\n<p>[\/et_pb_text][\/et_pb_column][et_pb_column type=\u00bb1_2&#8243; _builder_version=\u00bb4.19.5&#8243; _module_preset=\u00bbdefault\u00bb global_colors_info=\u00bb{}\u00bb][et_pb_image src=\u00bbhttps:\/\/podologobenidorm.com\/wp-content\/uploads\/2024\/04\/Diseno-sin-titulo-67-2.jpg\u00bb title_text=\u00bbDise\u00f1o sin t\u00edtulo (67)\u00bb _builder_version=\u00bb4.21.0&#8243; _module_preset=\u00bbdefault\u00bb border_radii=\u00bbon|10px|10px|10px|10px\u00bb global_colors_info=\u00bb{}\u00bb][\/et_pb_image][et_pb_image src=\u00bbhttps:\/\/podologobenidorm.com\/wp-content\/uploads\/2023\/09\/Sin-titulo-2.png\u00bb title_text=\u00bbSin ti\u0301tulo-2&#8243; align=\u00bbright\u00bb _builder_version=\u00bb4.21.0&#8243; _module_preset=\u00bbdefault\u00bb positioning=\u00bbabsolute\u00bb position_origin_a=\u00bbtop_right\u00bb vertical_offset=\u00bb-8%\u00bb horizontal_offset=\u00bb-8%\u00bb width=\u00bb30%\u00bb scroll_vertical_motion_enable=\u00bbon\u00bb scroll_vertical_motion=\u00bb0|50|50|100|-1|0|1&#8243; global_colors_info=\u00bb{}\u00bb][\/et_pb_image][\/et_pb_column][\/et_pb_row][\/et_pb_section][et_pb_section fb_built=\u00bb1&#8243; admin_label=\u00bbHeader\u00bb _builder_version=\u00bb4.21.0&#8243; _module_preset=\u00bbdefault\u00bb background_enable_color=\u00bboff\u00bb custom_padding=\u00bb147px||147px||true|\u00bb collapsed=\u00bbon\u00bb global_colors_info=\u00bb{%22gcid-9464c34f-f9ff-43eb-9668-c958662e33fc%22:%91%22background_color%22%93}\u00bb da_is_popup=\u00bboff\u00bb da_exit_intent=\u00bboff\u00bb da_has_close=\u00bbon\u00bb da_alt_close=\u00bboff\u00bb da_dark_close=\u00bboff\u00bb da_not_modal=\u00bbon\u00bb da_is_singular=\u00bboff\u00bb da_with_loader=\u00bboff\u00bb da_has_shadow=\u00bbon\u00bb da_disable_devices=\u00bboff|off|off\u00bb][et_pb_row _builder_version=\u00bb4.21.0&#8243; _module_preset=\u00bbdefault\u00bb custom_padding=\u00bb||0px|||\u00bb global_colors_info=\u00bb{}\u00bb][et_pb_column type=\u00bb4_4&#8243; _builder_version=\u00bb4.21.0&#8243; _module_preset=\u00bbdefault\u00bb global_colors_info=\u00bb{}\u00bb][et_pb_text _builder_version=\u00bb4.21.0&#8243; _module_preset=\u00bbc16985e1-e0d6-4022-964d-e2bfc04fa633&#8243; text_text_color=\u00bb#ffffff\u00bb header_font=\u00bbClarity City|700|||||||\u00bb header_text_align=\u00bbcenter\u00bb header_text_color=\u00bb#202020&#8243; header_line_height=\u00bb1.1em\u00bb custom_margin=\u00bb||30px||false|false\u00bb header_font_size_tablet=\u00bb40px\u00bb header_font_size_phone=\u00bb24px\u00bb header_font_size_last_edited=\u00bbon|desktop\u00bb global_colors_info=\u00bb{}\u00bb]<\/p>\n<h1>Otras patolog\u00edas que podemos tratar con cirug\u00eda MIS<\/h1>\n<p>[\/et_pb_text][\/et_pb_column][\/et_pb_row][et_pb_row column_structure=\u00bb1_6,1_6,1_6,1_6,1_6,1_6&#8243; use_custom_gutter=\u00bbon\u00bb gutter_width=\u00bb2&#8243; make_equal=\u00bbon\u00bb custom_padding_last_edited=\u00bbon|tablet\u00bb _builder_version=\u00bb4.21.0&#8243; _module_preset=\u00bbdefault\u00bb width=\u00bb100%\u00bb max_width=\u00bb2560px\u00bb custom_padding=\u00bb|10px||10px|false|true\u00bb custom_padding_tablet=\u00bb||0px||false|false\u00bb custom_padding_phone=\u00bb||0px||false|false\u00bb global_colors_info=\u00bb{}\u00bb][et_pb_column type=\u00bb1_6&#8243; _builder_version=\u00bb4.21.0&#8243; _module_preset=\u00bbdefault\u00bb background_enable_color=\u00bboff\u00bb custom_padding=\u00bb30px|30px|30px|30px|false|true\u00bb custom_padding_tablet=\u00bb30px|30px|30px|30px|true|true\u00bb custom_padding_phone=\u00bb20px|20px|20px|20px|true|true\u00bb custom_padding_last_edited=\u00bbon|phone\u00bb border_color_all=\u00bbgcid-0b738e94-8a5e-4e5c-8969-81d151b757fa\u00bb border_width_bottom=\u00bb4px\u00bb border_color_bottom=\u00bb#FBCBA8&#8243; global_colors_info=\u00bb{%22gcid-0b738e94-8a5e-4e5c-8969-81d151b757fa%22:%91%22border_color_all%22%93}\u00bb background__hover_enabled=\u00bbon|hover\u00bb background_color__hover=\u00bb#B7DBD0&#8243; background_enable_color__hover=\u00bbon\u00bb][et_pb_text _builder_version=\u00bb4.21.0&#8243; _module_preset=\u00bbccf9ea5a-fbc8-460a-9527-c1538935233c\u00bb text_font_size=\u00bb22px\u00bb header_3_font=\u00bbClarity City|700|||||||\u00bb header_3_text_color=\u00bb#EA6B07&#8243; header_3_font_size=\u00bb46px\u00bb header_4_font=\u00bbGill Sans||||||||\u00bb header_4_text_color=\u00bb#202020&#8243; header_4_font_size=\u00bb17px\u00bb custom_margin=\u00bb||||false|false\u00bb link_option_url=\u00bbhttps:\/\/podologobenidorm.com\/index.php\/cirugia-mis\/hallux-valgus-juanetes\/\u00bb global_colors_info=\u00bb{}\u00bb]<\/p>\n<h3>01.<\/h3>\n<p>Hallux Valgus \/ Juanetes<\/p>\n<p>[\/et_pb_text][\/et_pb_column][et_pb_column type=\u00bb1_6&#8243; _builder_version=\u00bb4.21.0&#8243; _module_preset=\u00bbdefault\u00bb background_enable_color=\u00bboff\u00bb custom_padding=\u00bb30px|30px|30px|30px|true|true\u00bb custom_padding_tablet=\u00bb30px|30px|30px|30px|true|true\u00bb custom_padding_phone=\u00bb20px|20px|20px|20px|true|true\u00bb custom_padding_last_edited=\u00bbon|phone\u00bb border_color_all=\u00bbRGBA(255,255,255,0)\u00bb border_width_bottom=\u00bb4px\u00bb border_color_bottom=\u00bb#FBCBA8&#8243; global_colors_info=\u00bb{}\u00bb background__hover_enabled=\u00bbon|hover\u00bb background_color__hover=\u00bb#B7DBD0&#8243; background_enable_color__hover=\u00bbon\u00bb][et_pb_text _builder_version=\u00bb4.21.0&#8243; _module_preset=\u00bbccf9ea5a-fbc8-460a-9527-c1538935233c\u00bb text_font_size=\u00bb22px\u00bb header_3_font=\u00bbClarity City|700|||||||\u00bb header_3_text_color=\u00bb#EA6B07&#8243; header_3_font_size=\u00bb46px\u00bb header_4_font=\u00bbGill Sans||||||||\u00bb header_4_text_color=\u00bb#202020&#8243; header_4_font_size=\u00bb17px\u00bb custom_margin=\u00bb||||false|false\u00bb link_option_url=\u00bbhttps:\/\/podologobenidorm.com\/index.php\/cirugia-mis\/dedos-en-garra\/\u00bb global_colors_info=\u00bb{}\u00bb]<\/p>\n<h3>02.<\/h3>\n<p>Dedos en garra \/ martillo<\/p>\n<p>[\/et_pb_text][\/et_pb_column][et_pb_column type=\u00bb1_6&#8243; _builder_version=\u00bb4.21.0&#8243; _module_preset=\u00bbdefault\u00bb background_enable_color=\u00bboff\u00bb custom_padding=\u00bb30px|30px|30px|30px|true|true\u00bb custom_padding_tablet=\u00bb30px|30px|30px|30px|true|true\u00bb custom_padding_phone=\u00bb20px|20px|20px|20px|true|true\u00bb custom_padding_last_edited=\u00bbon|phone\u00bb border_color_all=\u00bbgcid-0b738e94-8a5e-4e5c-8969-81d151b757fa\u00bb border_width_bottom=\u00bb4px\u00bb border_color_bottom=\u00bb#FBCBA8&#8243; global_colors_info=\u00bb{%22gcid-0b738e94-8a5e-4e5c-8969-81d151b757fa%22:%91%22border_color_all%22%93}\u00bb background__hover_enabled=\u00bbon|hover\u00bb background_color__hover=\u00bb#B7DBD0&#8243; background_enable_color__hover=\u00bbon\u00bb][et_pb_text _builder_version=\u00bb4.21.0&#8243; _module_preset=\u00bbccf9ea5a-fbc8-460a-9527-c1538935233c\u00bb text_font_size=\u00bb22px\u00bb header_3_font=\u00bbClarity City|700|||||||\u00bb header_3_text_color=\u00bb#EA6B07&#8243; header_3_font_size=\u00bb46px\u00bb header_4_font=\u00bbGill Sans||||||||\u00bb header_4_text_color=\u00bb#202020&#8243; header_4_font_size=\u00bb17px\u00bb custom_margin=\u00bb||||false|false\u00bb link_option_url=\u00bbhttps:\/\/podologobenidorm.com\/index.php\/cirugia-mis\/metatarsianos\/\u00bb global_colors_info=\u00bb{}\u00bb]<\/p>\n<h3>03.<\/h3>\n<p>Cirug\u00eda metatarsiana \/ metatarsalgias<\/p>\n<p>[\/et_pb_text][\/et_pb_column][et_pb_column type=\u00bb1_6&#8243; _builder_version=\u00bb4.21.0&#8243; _module_preset=\u00bbdefault\u00bb background_enable_color=\u00bboff\u00bb custom_padding=\u00bb30px|30px|30px|30px|true|true\u00bb custom_padding_tablet=\u00bb30px|30px|30px|30px|true|true\u00bb custom_padding_phone=\u00bb20px|20px|20px|20px|true|true\u00bb custom_padding_last_edited=\u00bbon|phone\u00bb border_color_all=\u00bbgcid-0b738e94-8a5e-4e5c-8969-81d151b757fa\u00bb border_width_bottom=\u00bb4px\u00bb border_color_bottom=\u00bb#FBCBA8&#8243; global_colors_info=\u00bb{%22gcid-0b738e94-8a5e-4e5c-8969-81d151b757fa%22:%91%22border_color_all%22%93}\u00bb background__hover_enabled=\u00bbon|hover\u00bb background_color__hover=\u00bb#B7DBD0&#8243; background_enable_color__hover=\u00bbon\u00bb][et_pb_text _builder_version=\u00bb4.21.0&#8243; _module_preset=\u00bbccf9ea5a-fbc8-460a-9527-c1538935233c\u00bb text_font_size=\u00bb22px\u00bb header_3_font=\u00bbClarity City|700|||||||\u00bb header_3_text_color=\u00bb#EA6B07&#8243; header_3_font_size=\u00bb46px\u00bb header_4_font=\u00bbGill Sans||||||||\u00bb header_4_text_color=\u00bb#202020&#8243; header_4_font_size=\u00bb17px\u00bb custom_margin=\u00bb||||false|false\u00bb link_option_url=\u00bbhttps:\/\/podologobenidorm.com\/index.php\/cirugia-mis\/juanete-de-sastre-o-del-quinto-metatarsiano\/\u00bb global_colors_info=\u00bb{}\u00bb]<\/p>\n<h3>04.<\/h3>\n<p>Juanete \u00abde sastre\u00bb o Tailor&#8217;s Bunion<\/p>\n<p>[\/et_pb_text][\/et_pb_column][et_pb_column type=\u00bb1_6&#8243; _builder_version=\u00bb4.21.0&#8243; _module_preset=\u00bbdefault\u00bb background_enable_color=\u00bboff\u00bb custom_padding=\u00bb30px|30px|30px|30px|true|true\u00bb custom_padding_tablet=\u00bb30px|30px|30px|30px|true|true\u00bb custom_padding_phone=\u00bb20px|20px|20px|20px|true|true\u00bb custom_padding_last_edited=\u00bbon|phone\u00bb border_color_all=\u00bbgcid-0b738e94-8a5e-4e5c-8969-81d151b757fa\u00bb border_width_bottom=\u00bb4px\u00bb border_color_bottom=\u00bb#FBCBA8&#8243; global_colors_info=\u00bb{%22gcid-0b738e94-8a5e-4e5c-8969-81d151b757fa%22:%91%22border_color_all%22%93}\u00bb background__hover_enabled=\u00bbon|hover\u00bb background_color__hover=\u00bb#B7DBD0&#8243; background_enable_color__hover=\u00bbon\u00bb][et_pb_text _builder_version=\u00bb4.21.0&#8243; _module_preset=\u00bbccf9ea5a-fbc8-460a-9527-c1538935233c\u00bb text_font_size=\u00bb22px\u00bb header_3_font=\u00bbClarity City|700|||||||\u00bb header_3_text_color=\u00bb#EA6B07&#8243; header_3_font_size=\u00bb46px\u00bb header_4_font=\u00bbGill Sans||||||||\u00bb header_4_text_color=\u00bb#202020&#8243; header_4_font_size=\u00bb17px\u00bb custom_margin=\u00bb||||false|false\u00bb link_option_url=\u00bbhttps:\/\/podologobenidorm.com\/index.php\/cirugia-mis\/sindrome-del-tunel-tarsiano\/\u00bb global_colors_info=\u00bb{}\u00bb]<\/p>\n<h3>05.<\/h3>\n<p>S\u00edndrome del T\u00fanel Tarsiano<\/p>\n<p>[\/et_pb_text][\/et_pb_column][et_pb_column type=\u00bb1_6&#8243; _builder_version=\u00bb4.21.0&#8243; _module_preset=\u00bbdefault\u00bb background_enable_color=\u00bboff\u00bb custom_padding=\u00bb30px|30px|30px|30px|true|true\u00bb custom_padding_tablet=\u00bb30px|30px|30px|30px|true|true\u00bb custom_padding_phone=\u00bb20px|20px|20px|20px|true|true\u00bb custom_padding_last_edited=\u00bbon|phone\u00bb border_color_all=\u00bbgcid-0b738e94-8a5e-4e5c-8969-81d151b757fa\u00bb border_width_bottom=\u00bb4px\u00bb border_color_bottom=\u00bb#FBCBA8&#8243; global_colors_info=\u00bb{%22gcid-0b738e94-8a5e-4e5c-8969-81d151b757fa%22:%91%22border_color_all%22%93}\u00bb background__hover_enabled=\u00bbon|hover\u00bb background_color__hover=\u00bb#B7DBD0&#8243; background_enable_color__hover=\u00bbon\u00bb][et_pb_text _builder_version=\u00bb4.21.0&#8243; _module_preset=\u00bbccf9ea5a-fbc8-460a-9527-c1538935233c\u00bb text_font_size=\u00bb22px\u00bb header_3_font=\u00bbClarity City|700|||||||\u00bb header_3_text_color=\u00bb#EA6B07&#8243; header_3_font_size=\u00bb46px\u00bb header_4_font=\u00bbGill Sans||||||||\u00bb header_4_text_color=\u00bb#202020&#8243; header_4_font_size=\u00bb17px\u00bb custom_margin=\u00bb||||false|false\u00bb link_option_url=\u00bbhttps:\/\/podologobenidorm.com\/index.php\/cirugia-mis\/sindrome-del-seno-del-tarso\/\u00bb global_colors_info=\u00bb{}\u00bb]<\/p>\n<h3>06.<\/h3>\n<p>S\u00edndrome del Seno del Tarso<\/p>\n<p>[\/et_pb_text][\/et_pb_column][\/et_pb_row][et_pb_row column_structure=\u00bb1_5,1_5,1_5,1_5,1_5&#8243; use_custom_gutter=\u00bbon\u00bb gutter_width=\u00bb2&#8243; make_equal=\u00bbon\u00bb custom_padding_last_edited=\u00bbon|tablet\u00bb _builder_version=\u00bb4.21.0&#8243; _module_preset=\u00bbdefault\u00bb width=\u00bb100%\u00bb max_width=\u00bb2560px\u00bb custom_padding=\u00bb|10px||10px|false|true\u00bb custom_padding_tablet=\u00bb||0px||false|false\u00bb custom_padding_phone=\u00bb||0px||false|false\u00bb global_colors_info=\u00bb{}\u00bb][et_pb_column type=\u00bb1_5&#8243; _builder_version=\u00bb4.21.0&#8243; _module_preset=\u00bbdefault\u00bb background_enable_color=\u00bboff\u00bb custom_padding=\u00bb30px|30px|30px|30px|false|true\u00bb custom_padding_tablet=\u00bb30px|30px|30px|30px|true|true\u00bb custom_padding_phone=\u00bb20px|20px|20px|20px|true|true\u00bb custom_padding_last_edited=\u00bbon|phone\u00bb border_color_all=\u00bbgcid-0b738e94-8a5e-4e5c-8969-81d151b757fa\u00bb border_width_bottom=\u00bb4px\u00bb border_color_bottom=\u00bb#FBCBA8&#8243; global_colors_info=\u00bb{%22gcid-0b738e94-8a5e-4e5c-8969-81d151b757fa%22:%91%22border_color_all%22%93}\u00bb background__hover_enabled=\u00bbon|hover\u00bb background_color__hover=\u00bb#B7DBD0&#8243; background_enable_color__hover=\u00bbon\u00bb][et_pb_text _builder_version=\u00bb4.21.0&#8243; _module_preset=\u00bbccf9ea5a-fbc8-460a-9527-c1538935233c\u00bb text_font_size=\u00bb22px\u00bb header_3_font=\u00bbClarity City|700|||||||\u00bb header_3_text_color=\u00bb#EA6B07&#8243; header_3_font_size=\u00bb46px\u00bb header_4_font=\u00bbGill Sans||||||||\u00bb header_4_text_color=\u00bb#202020&#8243; header_4_font_size=\u00bb17px\u00bb custom_margin=\u00bb||||false|false\u00bb link_option_url=\u00bbhttps:\/\/podologobenidorm.com\/index.php\/cirugia-mis\/exostosis-osteocondromas\/\u00bb global_colors_info=\u00bb{}\u00bb]<\/p>\n<h3>07.<\/h3>\n<p>Ex\u00f3stosis \/ Osteocondromas<\/p>\n<p>[\/et_pb_text][\/et_pb_column][et_pb_column type=\u00bb1_5&#8243; _builder_version=\u00bb4.21.0&#8243; _module_preset=\u00bbdefault\u00bb background_enable_color=\u00bboff\u00bb custom_padding=\u00bb30px|30px|30px|30px|true|true\u00bb custom_padding_tablet=\u00bb30px|30px|30px|30px|true|true\u00bb custom_padding_phone=\u00bb20px|20px|20px|20px|true|true\u00bb custom_padding_last_edited=\u00bbon|phone\u00bb border_color_all=\u00bbRGBA(255,255,255,0)\u00bb border_width_bottom=\u00bb4px\u00bb border_color_bottom=\u00bb#FBCBA8&#8243; global_colors_info=\u00bb{}\u00bb background__hover_enabled=\u00bbon|hover\u00bb background_color__hover=\u00bb#B7DBD0&#8243; background_enable_color__hover=\u00bbon\u00bb][et_pb_text _builder_version=\u00bb4.21.0&#8243; _module_preset=\u00bbccf9ea5a-fbc8-460a-9527-c1538935233c\u00bb text_font_size=\u00bb22px\u00bb header_3_font=\u00bbClarity City|700|||||||\u00bb header_3_text_color=\u00bb#EA6B07&#8243; header_3_font_size=\u00bb46px\u00bb header_4_font=\u00bbGill Sans||||||||\u00bb header_4_text_color=\u00bb#202020&#8243; header_4_font_size=\u00bb17px\u00bb custom_margin=\u00bb||||false|false\u00bb link_option_url=\u00bbhttps:\/\/podologobenidorm.com\/index.php\/cirugia-mis\/espolon-calcaneo\/\u00bb global_colors_info=\u00bb{}\u00bb]<\/p>\n<h3>08.<\/h3>\n<p>Espol\u00f3n Calc\u00e1neo<\/p>\n<p>[\/et_pb_text][\/et_pb_column][et_pb_column type=\u00bb1_5&#8243; _builder_version=\u00bb4.21.0&#8243; _module_preset=\u00bbdefault\u00bb background_enable_color=\u00bboff\u00bb custom_padding=\u00bb30px|30px|30px|30px|true|true\u00bb custom_padding_tablet=\u00bb30px|30px|30px|30px|true|true\u00bb custom_padding_phone=\u00bb20px|20px|20px|20px|true|true\u00bb custom_padding_last_edited=\u00bbon|phone\u00bb border_color_all=\u00bbgcid-0b738e94-8a5e-4e5c-8969-81d151b757fa\u00bb border_width_bottom=\u00bb4px\u00bb border_color_bottom=\u00bb#FBCBA8&#8243; global_colors_info=\u00bb{%22gcid-0b738e94-8a5e-4e5c-8969-81d151b757fa%22:%91%22border_color_all%22%93}\u00bb background__hover_enabled=\u00bbon|hover\u00bb background_color__hover=\u00bb#B7DBD0&#8243; background_enable_color__hover=\u00bbon\u00bb][et_pb_text _builder_version=\u00bb4.21.0&#8243; _module_preset=\u00bbccf9ea5a-fbc8-460a-9527-c1538935233c\u00bb text_font_size=\u00bb22px\u00bb header_3_font=\u00bbClarity City|700|||||||\u00bb header_3_text_color=\u00bb#EA6B07&#8243; header_3_font_size=\u00bb46px\u00bb header_4_font=\u00bbGill Sans||||||||\u00bb header_4_text_color=\u00bb#202020&#8243; header_4_font_size=\u00bb17px\u00bb custom_margin=\u00bb||||false|false\u00bb link_option_url=\u00bbhttps:\/\/podologobenidorm.com\/index.php\/cirugia-mis\/fascitis-plantar-dolor-en-el-talon\/\u00bb global_colors_info=\u00bb{}\u00bb]<\/p>\n<h3>09.<\/h3>\n<p>Fascitis Plantar<\/p>\n<p>[\/et_pb_text][\/et_pb_column][et_pb_column type=\u00bb1_5&#8243; _builder_version=\u00bb4.21.0&#8243; _module_preset=\u00bbdefault\u00bb background_enable_color=\u00bboff\u00bb custom_padding=\u00bb30px|30px|30px|30px|true|true\u00bb custom_padding_tablet=\u00bb30px|30px|30px|30px|true|true\u00bb custom_padding_phone=\u00bb20px|20px|20px|20px|true|true\u00bb custom_padding_last_edited=\u00bbon|phone\u00bb border_color_all=\u00bbgcid-0b738e94-8a5e-4e5c-8969-81d151b757fa\u00bb border_width_bottom=\u00bb4px\u00bb border_color_bottom=\u00bb#FBCBA8&#8243; global_colors_info=\u00bb{%22gcid-0b738e94-8a5e-4e5c-8969-81d151b757fa%22:%91%22border_color_all%22%93}\u00bb background__hover_enabled=\u00bbon|hover\u00bb background_color__hover=\u00bb#B7DBD0&#8243; background_enable_color__hover=\u00bbon\u00bb][et_pb_text _builder_version=\u00bb4.21.0&#8243; _module_preset=\u00bbccf9ea5a-fbc8-460a-9527-c1538935233c\u00bb text_font_size=\u00bb22px\u00bb header_3_font=\u00bbClarity City|700|||||||\u00bb header_3_text_color=\u00bb#EA6B07&#8243; header_3_font_size=\u00bb46px\u00bb header_4_font=\u00bbGill Sans||||||||\u00bb header_4_text_color=\u00bb#202020&#8243; header_4_font_size=\u00bb17px\u00bb custom_margin=\u00bb||||false|false\u00bb link_option_url=\u00bbhttps:\/\/podologobenidorm.com\/index.php\/cirugia-mis\/neuroma-de-morton\/\u00bb global_colors_info=\u00bb{}\u00bb]<\/p>\n<h3>10.<\/h3>\n<p>Neuroma de Morton<\/p>\n<p>[\/et_pb_text][\/et_pb_column][et_pb_column type=\u00bb1_5&#8243; _builder_version=\u00bb4.21.0&#8243; _module_preset=\u00bbdefault\u00bb background_enable_color=\u00bboff\u00bb custom_padding=\u00bb30px|30px|30px|30px|true|true\u00bb custom_padding_tablet=\u00bb30px|30px|30px|30px|true|true\u00bb custom_padding_phone=\u00bb20px|20px|20px|20px|true|true\u00bb custom_padding_last_edited=\u00bbon|phone\u00bb border_color_all=\u00bb#FBCBA8&#8243; border_width_bottom=\u00bb4px\u00bb global_colors_info=\u00bb{}\u00bb background__hover_enabled=\u00bbon|hover\u00bb background_color__hover=\u00bb#B7DBD0&#8243; background_enable_color__hover=\u00bbon\u00bb][et_pb_text _builder_version=\u00bb4.21.0&#8243; _module_preset=\u00bbccf9ea5a-fbc8-460a-9527-c1538935233c\u00bb text_font_size=\u00bb22px\u00bb header_3_font=\u00bbClarity City|700|||||||\u00bb header_3_text_color=\u00bb#EA6B07&#8243; header_3_font_size=\u00bb46px\u00bb header_4_font=\u00bbGill Sans||||||||\u00bb header_4_text_color=\u00bb#202020&#8243; header_4_font_size=\u00bb17px\u00bb custom_margin=\u00bb||||false|false\u00bb link_option_url=\u00bbhttps:\/\/podologobenidorm.com\/index.php\/cirugia-mis\/una-incarnada\/\u00bb global_colors_info=\u00bb{}\u00bb]<\/p>\n<h3>11.<\/h3>\n<p>U\u00f1a incarnada<\/p>\n<p>[\/et_pb_text][\/et_pb_column][\/et_pb_row][\/et_pb_section]<\/p>\n","protected":false},"excerpt":{"rendered":"<p>&lt; Cirug\u00eda MISFascitis Plantar (Dolor en el tal\u00f3n)La fascia plantar es una banda ancha, gruesa y de tejido fino, que discurre por la planta del pie (arco interno). A veces, puede producirse una rotura en el origen del ligamento transverso que puede causar inflamaci\u00f3n y dolor de la fascia o aponeurosis plantar. Se trata de [&hellip;]<\/p>\n","protected":false},"author":1,"featured_media":0,"parent":293,"menu_order":0,"comment_status":"closed","ping_status":"closed","template":"","meta":{"_et_pb_use_builder":"on","_et_pb_old_content":"","_et_gb_content_width":"","footnotes":""},"class_list":["post-445","page","type-page","status-publish","hentry"],"_links":{"self":[{"href":"https:\/\/podologobenidorm.com\/index.php\/wp-json\/wp\/v2\/pages\/445","targetHints":{"allow":["GET"]}}],"collection":[{"href":"https:\/\/podologobenidorm.com\/index.php\/wp-json\/wp\/v2\/pages"}],"about":[{"href":"https:\/\/podologobenidorm.com\/index.php\/wp-json\/wp\/v2\/types\/page"}],"author":[{"embeddable":true,"href":"https:\/\/podologobenidorm.com\/index.php\/wp-json\/wp\/v2\/users\/1"}],"replies":[{"embeddable":true,"href":"https:\/\/podologobenidorm.com\/index.php\/wp-json\/wp\/v2\/comments?post=445"}],"version-history":[{"count":16,"href":"https:\/\/podologobenidorm.com\/index.php\/wp-json\/wp\/v2\/pages\/445\/revisions"}],"predecessor-version":[{"id":1481,"href":"https:\/\/podologobenidorm.com\/index.php\/wp-json\/wp\/v2\/pages\/445\/revisions\/1481"}],"up":[{"embeddable":true,"href":"https:\/\/podologobenidorm.com\/index.php\/wp-json\/wp\/v2\/pages\/293"}],"wp:attachment":[{"href":"https:\/\/podologobenidorm.com\/index.php\/wp-json\/wp\/v2\/media?parent=445"}],"curies":[{"name":"wp","href":"https:\/\/api.w.org\/{rel}","templated":true}]}}